{"id":1088,"date":"2024-02-02T13:01:33","date_gmt":"2024-02-02T12:01:33","guid":{"rendered":"https:\/\/www.joblev.de\/?page_id=1088"},"modified":"2024-02-27T11:17:34","modified_gmt":"2024-02-27T10:17:34","slug":"studium","status":"publish","type":"page","link":"https:\/\/www.joblev.de\/en\/beratung-und-vermittlung\/studium\/","title":{"rendered":"Studium"},"content":{"rendered":"<div id=\"fws_69f30cf97fd1c\"  data-column-margin=\"90px\" data-midnight=\"dark\" data-top-percent=\"2%\" data-bottom-percent=\"8%\"  class=\"wpb_row vc_row-fluid vc_row full-width-section\"  style=\"padding-top: calc(100vw * 0.02); padding-bottom: calc(100vw * 0.08); \"><div class=\"row-bg-wrap\" data-bg-animation=\"none\" data-bg-animation-delay=\"\" data-bg-overlay=\"false\"><div class=\"inner-wrap row-bg-layer\" ><div class=\"row-bg viewport-desktop using-bg-color\"  style=\"background-color: #e8f0ff; \"><\/div><\/div><\/div><div class=\"row_col_wrap_12 col span_12 dark left\">\n\t<div  class=\"vc_col-sm-9 wpb_column column_container vc_column_container col has-animation padding-1-percent inherit_tablet inherit_phone\"  data-t-w-inherits=\"small_desktop\" data-padding-pos=\"top\" data-has-bg-color=\"false\" data-bg-color=\"\" data-bg-opacity=\"1\" data-animation=\"fade-in-from-bottom\" data-delay=\"0\" >\n\t\t<div class=\"vc_column-inner\" >\n\t\t\t<div class=\"wpb_wrapper\">\n\t\t\t\t\r\n<div class=\"wpb_text_column wpb_content_element\" >\r\n\t<div class=\"wpb_wrapper\">\r\n\t\t<h2>Studium<\/h2>\n\t<\/div>\r\n<\/div>\r\n\r\n\r\n\r\n<div id=\"fws_69f30cf9800eb\" data-midnight=\"\" data-column-margin=\"60px\" class=\"wpb_row vc_row-fluid vc_row inner_row\"  style=\"padding-top: 15px; \"><div class=\"row-bg-wrap\"> <div class=\"row-bg\" ><\/div> <\/div><div class=\"row_col_wrap_12_inner col span_12  left\">\n\t<div  class=\"vc_col-sm-12 wpb_column column_container vc_column_container col child_column no-extra-padding inherit_tablet inherit_phone\"   data-padding-pos=\"all\" data-has-bg-color=\"false\" data-bg-color=\"\" data-bg-opacity=\"1\" data-animation=\"\" data-delay=\"0\" >\n\t\t<div class=\"vc_column-inner\" >\n\t\t<div class=\"wpb_wrapper\">\n\t\t\t\r\n<div class=\"wpb_text_column wpb_content_element\" >\r\n\t<div class=\"wpb_wrapper\">\r\n\t\t\t<\/div>\r\n<\/div>\r\n\r\n\r\n\r\n\n\t\t<\/div> \n\t<\/div>\n\t<\/div> \n<\/div><\/div><div id=\"fws_69f30cf9802c1\" data-midnight=\"\" data-column-margin=\"60px\" class=\"wpb_row vc_row-fluid vc_row inner_row  vc_custom_1706518451537\"  style=\"padding-top: 15px; \"><div class=\"row-bg-wrap\"> <div class=\"row-bg\" ><\/div> <\/div><div class=\"row_col_wrap_12_inner col span_12  left\">\n\t<div  class=\"vc_col-sm-6 wpb_column column_container vc_column_container col child_column padding-5-percent inherit_tablet inherit_phone\"   data-padding-pos=\"left\" data-has-bg-color=\"false\" data-bg-color=\"\" data-bg-opacity=\"1\" data-animation=\"\" data-delay=\"0\" >\n\t\t<div class=\"vc_column-inner\" >\n\t\t<div class=\"wpb_wrapper\">\n\t\t\t\r\n<div class=\"wpb_text_column wpb_content_element  vc_custom_1706875275364\" >\r\n\t<div class=\"wpb_wrapper\">\r\n\t\t<p>Sie haben ein Diplom, einen Bachelor oder Master:<\/p>\n<p>Bitte laden Sie die Checkliste f\u00fcr das Land, in dem Sie das Studium absolviert haben, unter folgendem Link herunter:<\/p>\n<p><a href=\"https:\/\/www.kmk.org\/zab\/zeugnisbewertung\/dokumente.html\" target=\"_blank\" rel=\"noopener\">Dokumente Zeugnisbewertung<\/a><\/p>\n<p>Eine \u00dcbersetzung Ihrer Dokumente ist nur n\u00f6tig, wenn dies gefordert ist.<\/p>\n<p>Personen im Leistungsbezug (B\u00fcrgergeld, Leistungen nach Asylbewerberleistungsgesetz) k\u00f6nnen vorab beim zust\u00e4ndigen Jobcenter \/ bei der zust\u00e4ndigen Agentur f\u00fcr Arbeit einen Antrag auf Kosten\u00fcbernahme stellen.<\/p>\n<p>F\u00fcr alle anderen Berufsbereiche wie z. B: Lehrerinnen, Architektinnen, Sozialp\u00e4dagogen, Juristen, Ingenieurinnen beachten Sie:<\/p>\n<p>Eine Terminvergabe ist nur m\u00f6glich, wenn Sie Ihren Lebenslauf und genaue Ausbildungsdaten per E-Mail an <a href=\"mailto:claudia.welke@joblev\">claudia.welke@joblev<\/a> senden.<\/p>\n\t<\/div>\r\n<\/div>\r\n\r\n\r\n\r\n\n\t\t<\/div> \n\t<\/div>\n\t<\/div> \n\n\t<div  class=\"vc_col-sm-6 wpb_column column_container vc_column_container col child_column no-extra-padding inherit_tablet inherit_phone\"   data-padding-pos=\"all\" data-has-bg-color=\"false\" data-bg-color=\"\" data-bg-opacity=\"1\" data-animation=\"\" data-delay=\"0\" >\n\t\t<div class=\"vc_column-inner\" >\n\t\t<div class=\"wpb_wrapper\">\n\t\t\t\r\n<div class=\"wpb_text_column wpb_content_element\" >\r\n\t<div class=\"wpb_wrapper\">\r\n\t\t<p><strong>Pers\u00f6nlicher Beratungstermin<\/strong><\/p>\n<p>Stellen die geforderten Dokumente zusammen.<\/p>\n<p>Danach senden Sie eine E-Mail mit Ihrem Lebenslauf an <a href=\"mailto:claudia.welke@joblev.de\">claudia.welke@joblev.de<\/a>.<\/p>\n<p>Das Antragsformular wird im Termin vor Ort ausgef\u00fcllt.<\/p>\n\t<\/div>\r\n<\/div>\r\n\r\n\r\n\r\n\n\t\t<\/div> \n\t<\/div>\n\t<\/div> \n<\/div><\/div>\n\t\t\t<\/div> \n\t\t<\/div>\n\t<\/div> \n\n\t<div style=\"z-index: 100; \" class=\"vc_col-sm-3 wpb_column column_container vc_column_container col has-animation padding-1-percent inherit_tablet inherit_phone\"  data-t-w-inherits=\"small_desktop\" data-padding-pos=\"top\" data-has-bg-color=\"false\" data-bg-color=\"\" data-bg-opacity=\"1\" data-animation=\"fade-in-from-bottom\" data-delay=\"100\" >\n\t\t<div class=\"vc_column-inner\" >\n\t\t\t<div class=\"wpb_wrapper\">\n\t\t\t\t<div id=\"fws_69f30cf980556\" data-midnight=\"\" data-column-margin=\"none\" class=\"wpb_row vc_row-fluid vc_row inner_row\"  style=\"padding-bottom: 20px; \"><div class=\"row-bg-wrap\"> <div class=\"row-bg\" ><\/div> <\/div><div class=\"row_col_wrap_12_inner col span_12  left\">\n\t<div  class=\"vc_col-sm-12 wpb_column column_container vc_column_container col child_column no-extra-padding inherit_tablet inherit_phone\"   data-padding-pos=\"all\" data-has-bg-color=\"false\" data-bg-color=\"\" data-bg-opacity=\"1\" data-animation=\"\" data-delay=\"0\" >\n\t\t<div class=\"vc_column-inner\" >\n\t\t<div class=\"wpb_wrapper\">\n\t\t\t<div class=\"img-with-aniamtion-wrap\" data-max-width=\"100%\" data-max-width-mobile=\"default\" data-border-radius=\"20px\" data-shadow=\"small_depth\" data-animation=\"grow-in\" >\r\n      <div class=\"inner\">\r\n        <div class=\"hover-wrap\" data-hover-animation=\"zoom-crop\"> \r\n          <div class=\"hover-wrap-inner\">\r\n            <img loading=\"lazy\" decoding=\"async\" class=\"img-with-animation skip-lazy\" data-delay=\"0\" height=\"541\" width=\"749\" data-animation=\"grow-in\" src=\"https:\/\/www.joblev.de\/wp-content\/uploads\/2023\/10\/Bildschirm\u00adfoto-2023-10-09-um-12.43.02-e1699627748464.png\" alt=\"\" srcset=\"https:\/\/www.joblev.de\/wp-content\/uploads\/2023\/10\/Bildschirm\u00adfoto-2023-10-09-um-12.43.02-e1699627748464.png 749w, https:\/\/www.joblev.de\/wp-content\/uploads\/2023\/10\/Bildschirm\u00adfoto-2023-10-09-um-12.43.02-e1699627748464-300x217.png 300w, https:\/\/www.joblev.de\/wp-content\/uploads\/2023\/10\/Bildschirm\u00adfoto-2023-10-09-um-12.43.02-e1699627748464-18x12.png 18w\" sizes=\"auto, (max-width: 749px) 100vw, 749px\" \/>\r\n          <\/div>\r\n        <\/div>\r\n      <\/div>\r\n    <\/div><div class=\"nectar-fancy-ul\" data-list-icon=\"dot\" data-animation=\"false\" data-animation-delay=\"0\" data-spacing=\"default\" data-alignment=\"left\"> \n<div class=\"nectar-fancy-ul\" data-list-icon=\"dot\" data-animation=\"false\" data-animation-delay=\"0\" data-spacing=\"default\" data-alignment=\"left\">Claudia Welke<br \/>\nTelefon\u00a0<a href=\"tel:02171947425\">0 21 71 \u2013 94 74 25<\/a><br \/>\n<a href=\"mailto:claudia.welke@joblev.de\">claudia.welke@joblev.de<\/a><\/div>\n<div class=\"divider-wrap\" data-alignment=\"default\"><\/div>\n <\/div><div class=\"divider-wrap\" data-alignment=\"default\"><div style=\"height: 20px;\" class=\"divider\"><\/div><\/div>\n\t\t<\/div> \n\t<\/div>\n\t<\/div> \n<\/div><\/div>\n\t\t\t<\/div> \n\t\t<\/div>\n\t<\/div> \n<\/div><\/div>","protected":false},"excerpt":{"rendered":"Studium Sie haben ein Diplom, einen Bachelor oder Master: Bitte laden Sie die Checkliste f\u00fcr das Land, in dem Sie das Studium absolviert haben, unter folgendem Link herunter: Dokumente Zeugnisbewertung...","protected":false},"author":1,"featured_media":0,"parent":307,"menu_order":0,"comment_status":"closed","ping_status":"closed","template":"","meta":{"footnotes":""},"class_list":["post-1088","page","type-page","status-publish"],"aioseo_notices":[],"_links":{"self":[{"href":"https:\/\/www.joblev.de\/en\/wp-json\/wp\/v2\/pages\/1088","targetHints":{"allow":["GET"]}}],"collection":[{"href":"https:\/\/www.joblev.de\/en\/wp-json\/wp\/v2\/pages"}],"about":[{"href":"https:\/\/www.joblev.de\/en\/wp-json\/wp\/v2\/types\/page"}],"author":[{"embeddable":true,"href":"https:\/\/www.joblev.de\/en\/wp-json\/wp\/v2\/users\/1"}],"replies":[{"embeddable":true,"href":"https:\/\/www.joblev.de\/en\/wp-json\/wp\/v2\/comments?post=1088"}],"version-history":[{"count":0,"href":"https:\/\/www.joblev.de\/en\/wp-json\/wp\/v2\/pages\/1088\/revisions"}],"up":[{"embeddable":true,"href":"https:\/\/www.joblev.de\/en\/wp-json\/wp\/v2\/pages\/307"}],"wp:attachment":[{"href":"https:\/\/www.joblev.de\/en\/wp-json\/wp\/v2\/media?parent=1088"}],"curies":[{"name":"wp","href":"https:\/\/api.w.org\/{rel}","templated":true}]}}