{"id":469,"date":"2023-11-10T16:10:34","date_gmt":"2023-11-10T15:10:34","guid":{"rendered":"https:\/\/www.joblev.de\/?page_id=469"},"modified":"2026-03-02T16:15:39","modified_gmt":"2026-03-02T15:15:39","slug":"aktivcenter-fuer-allein-erziehende","status":"publish","type":"page","link":"https:\/\/www.joblev.de\/en\/beratung-und-vermittlung\/aktivcenter-fuer-allein-erziehende\/","title":{"rendered":"Aktivcenter f\u00fcr (Allein-)Erziehende"},"content":{"rendered":"<div id=\"fws_69f22bf0d8cc8\"  data-column-margin=\"90px\" data-midnight=\"dark\" data-top-percent=\"2%\" data-bottom-percent=\"8%\"  class=\"wpb_row vc_row-fluid vc_row full-width-section\"  style=\"padding-top: calc(100vw * 0.02); padding-bottom: calc(100vw * 0.08); \"><div class=\"row-bg-wrap\" data-bg-animation=\"none\" data-bg-animation-delay=\"\" data-bg-overlay=\"false\"><div class=\"inner-wrap row-bg-layer\" ><div class=\"row-bg viewport-desktop\"  style=\"\"><\/div><\/div><\/div><div class=\"row_col_wrap_12 col span_12 dark left\">\n\t<div  class=\"vc_col-sm-9 wpb_column column_container vc_column_container col has-animation padding-1-percent inherit_tablet inherit_phone\"  data-t-w-inherits=\"small_desktop\" data-padding-pos=\"top\" data-has-bg-color=\"false\" data-bg-color=\"\" data-bg-opacity=\"1\" data-animation=\"fade-in-from-bottom\" data-delay=\"0\" >\n\t\t<div class=\"vc_column-inner\" >\n\t\t\t<div class=\"wpb_wrapper\">\n\t\t\t\t\r\n<div class=\"wpb_text_column wpb_content_element\" >\r\n\t<div class=\"wpb_wrapper\">\r\n\t\t<p>Besch\u00e4ftigungs- und Qualifizierungsprojekt<\/p>\n<h2>Aktivcenter f\u00fcr (Allein-)Erziehende<\/h2>\n<p>Ein Kooperationsprojekt mit dem Kolping-Bildungswerk &#8211; Bildungsst\u00e4tte Leverkusen<\/p>\n\t<\/div>\r\n<\/div>\r\n\r\n\r\n\r\n<div id=\"fws_69f22bf0da34a\" data-midnight=\"\" data-column-margin=\"60px\" class=\"wpb_row vc_row-fluid vc_row inner_row\"  style=\"padding-top: 15px; \"><div class=\"row-bg-wrap\"> <div class=\"row-bg\" ><\/div> <\/div><div class=\"row_col_wrap_12_inner col span_12  left\">\n\t<div  class=\"vc_col-sm-12 wpb_column column_container vc_column_container col child_column no-extra-padding inherit_tablet inherit_phone\"   data-padding-pos=\"all\" data-has-bg-color=\"false\" data-bg-color=\"\" data-bg-opacity=\"1\" data-animation=\"\" data-delay=\"0\" >\n\t\t<div class=\"vc_column-inner\" >\n\t\t<div class=\"wpb_wrapper\">\n\t\t\t\r\n<div class=\"wpb_text_column wpb_content_element\" >\r\n\t<div class=\"wpb_wrapper\">\r\n\t\t\t<\/div>\r\n<\/div>\r\n\r\n\r\n\r\n\n\t\t<\/div> \n\t<\/div>\n\t<\/div> \n<\/div><\/div>\r\n<div class=\"wpb_text_column wpb_content_element\" >\r\n\t<div class=\"wpb_wrapper\">\r\n\t\t<p><strong>Welche T\u00e4tigkeit wird ausgef\u00fchrt? <\/strong><\/p>\n<ul>\n<li>Gemeinsames Erstellen oder \u00dcberarbeiten professioneller Bewerbungsunterlagen<\/li>\n<li>Unterst\u00fctzung der Bewerbungsbem\u00fchungen durch die Jobcoaches<\/li>\n<li>Abbau sogenannter Vermittlungshemmnisse durch das professionelle Sozialcoaching<\/li>\n<li>Verschiedene handwerkliche Projektbezogene Arbeiten zur Erprobung und Erwerb handwerklicher Grundkenntnisse in den Wahlbereichen:<\/li>\n<li>Hauswirtschaft und Pflege,<\/li>\n<li>Handwerk (Farbe\/Raumgestaltung (Renovierung), Holz und Garten- und Landschaftsbau) und\/oder<\/li>\n<li>Lager\/Logistik und Handel<\/li>\n<\/ul>\n<p>&nbsp;<\/p>\n<p><strong>Welche Kenntnisse und F\u00e4higkeiten werden vermittelt?<\/strong><\/p>\n<ul>\n<li>Selbstst\u00e4ndiges Bewerbungsmanagement<\/li>\n<li>Selbstmanagement (Hilfen zur Selbsthilfe, nach individuellem Bedarf)<\/li>\n<li>Handwerkliche Grundkenntnisse in den verschiedenen, zur Wahl stehenden Projektbezogenen Arbeitsbereichen (s.o.)<\/li>\n<\/ul>\n<p><strong>\u00a0<\/strong><\/p>\n<p><strong>Welche Voraussetzungen bestehen f\u00fcr eine Mitarbeit?<\/strong><\/p>\n<ul>\n<li>Es sind keine Vorkenntnisse oder besonderen Voraussetzungen erforderlich;<\/li>\n<li>Aufgrund der Definition der Ma\u00dfnahme als Zielgruppen-Ma\u00dfnahme, m\u00fcssen aber die folgenden Kriterien vorliegen:<\/li>\n<li>Aktueller Leistungsbezug von B\u00fcrgergeld nach dem SGB II, mindestens 15 Wochenstunden Zeit zur Teilnahme (gleich potentieller Arbeitszeit, wochentags montags bis freitags) sowie Elternteil mindestens eines eigenen Kindes zu sein, da es sich um eine Elternma\u00dfnahme \/ Ma\u00dfnahme f\u00fcr Erziehende handelt.<\/li>\n<\/ul>\n<p>&nbsp;<\/p>\n<p><strong>Wann ist der Einstieg m\u00f6glich?<\/strong><\/p>\n<ul>\n<li>Ein Einstieg in die Ma\u00dfnahme ist jederzeit m\u00f6glich, per Zuweisung der zust\u00e4ndigen Arbeitsvermittlerin oder des zust\u00e4ndigen Arbeitsvermittlers beim Jobcenter Arbeit und Grundsicherung Leverkusen (Jobcenter AGL)<\/li>\n<\/ul>\n<p><strong>\u00a0<\/strong><\/p>\n<p><strong>Wie lange ist die Mitarbeit m\u00f6glich?<\/strong><\/p>\n<ul>\n<li>Die regul\u00e4re erste Zuweisungdauer und Teilnahmezeit in der Ma\u00dfnahme betr\u00e4gt vier Monate. Danach ist zweimal eine Verl\u00e4ngerung f\u00fcr jeweils zwei Monate m\u00f6glich (freiwillig und mit Entscheidung des zust\u00e4ndigen Erstansprechpartners oder der zust\u00e4ndigen Erstansprechpartnerin beim Jobcenter Arbeit und Grundsicherung Leverkusen (Jobcenter AGL)<\/li>\n<\/ul>\n<p><strong>\u00a0<\/strong><\/p>\n<p><strong>Verdienst<\/strong><\/p>\n<ul>\n<li>Keine Bezahlung<\/li>\n<\/ul>\n<p>&nbsp;<\/p>\n<p><strong>Anmeldung<\/strong><\/p>\n<ul>\n<li>Das Jobcenter Arbeit und Grundsicherung pr\u00fcft die Voraussetzungen und weist in die Ma\u00dfnahme zu.<\/li>\n<li>Bitte sprechen Sie eine Teilnahme bei Interesse gerne bei uns mit Ihrer Beratung im Jobcenter ab.<\/li>\n<\/ul>\n<p>&nbsp;<\/p>\n<p><strong>Weitere Information<\/strong><\/p>\n<p>Alle Informationen rund um die JSL sind abrufbar unter <a href=\"https:\/\/www.joblev.de\/en\/\" target=\"_blank\" rel=\"noopener\">www.joblev.de<\/a>.<\/p>\n<p>&nbsp;<\/p>\n<p><img loading=\"lazy\" decoding=\"async\" class=\"alignnone wp-image-1373\" src=\"https:\/\/www.joblev.de\/wp-content\/uploads\/2024\/05\/AZAV-Traegerzulassung-300x255.jpg\" alt=\"\" width=\"224\" height=\"190\" srcset=\"https:\/\/www.joblev.de\/wp-content\/uploads\/2024\/05\/AZAV-Traegerzulassung-300x255.jpg 300w, https:\/\/www.joblev.de\/wp-content\/uploads\/2024\/05\/AZAV-Traegerzulassung-14x12.jpg 14w, https:\/\/www.joblev.de\/wp-content\/uploads\/2024\/05\/AZAV-Traegerzulassung.jpg 628w\" sizes=\"auto, (max-width: 224px) 100vw, 224px\" \/><\/p>\n\t<\/div>\r\n<\/div>\r\n\r\n\r\n\r\n\n\t\t\t<\/div> \n\t\t<\/div>\n\t<\/div> \n\n\t<div style=\"z-index: 100; \" class=\"vc_col-sm-3 wpb_column column_container vc_column_container col has-animation padding-1-percent inherit_tablet inherit_phone\"  data-t-w-inherits=\"small_desktop\" data-padding-pos=\"top\" data-has-bg-color=\"false\" data-bg-color=\"\" data-bg-opacity=\"1\" data-animation=\"fade-in-from-bottom\" data-delay=\"100\" >\n\t\t<div class=\"vc_column-inner\" >\n\t\t\t<div class=\"wpb_wrapper\">\n\t\t\t\t<div id=\"fws_69f22bf0dac71\" data-midnight=\"\" data-column-margin=\"none\" class=\"wpb_row vc_row-fluid vc_row inner_row\"  style=\"padding-bottom: 20px; \"><div class=\"row-bg-wrap\"> <div class=\"row-bg\" ><\/div> <\/div><div class=\"row_col_wrap_12_inner col span_12  left\">\n\t<div  class=\"vc_col-sm-12 wpb_column column_container vc_column_container col child_column no-extra-padding inherit_tablet inherit_phone\"   data-padding-pos=\"all\" data-has-bg-color=\"false\" data-bg-color=\"\" data-bg-opacity=\"1\" data-animation=\"\" data-delay=\"0\" >\n\t\t<div class=\"vc_column-inner\" >\n\t\t<div class=\"wpb_wrapper\">\n\t\t\t<div class=\"img-with-aniamtion-wrap\" data-max-width=\"100%\" data-max-width-mobile=\"default\" data-border-radius=\"20px\" data-shadow=\"small_depth\" data-animation=\"grow-in\" >\r\n      <div class=\"inner\">\r\n        <div class=\"hover-wrap\" data-hover-animation=\"zoom-crop\"> \r\n          <div class=\"hover-wrap-inner\">\r\n            <img loading=\"lazy\" decoding=\"async\" class=\"img-with-animation skip-lazy\" data-delay=\"0\" height=\"541\" width=\"749\" data-animation=\"grow-in\" src=\"https:\/\/www.joblev.de\/wp-content\/uploads\/2023\/10\/Bildschirm\u00adfoto-2023-10-09-um-12.43.02-e1699627748464.png\" alt=\"\" srcset=\"https:\/\/www.joblev.de\/wp-content\/uploads\/2023\/10\/Bildschirm\u00adfoto-2023-10-09-um-12.43.02-e1699627748464.png 749w, https:\/\/www.joblev.de\/wp-content\/uploads\/2023\/10\/Bildschirm\u00adfoto-2023-10-09-um-12.43.02-e1699627748464-300x217.png 300w, https:\/\/www.joblev.de\/wp-content\/uploads\/2023\/10\/Bildschirm\u00adfoto-2023-10-09-um-12.43.02-e1699627748464-18x12.png 18w\" sizes=\"auto, (max-width: 749px) 100vw, 749px\" \/>\r\n          <\/div>\r\n        <\/div>\r\n      <\/div>\r\n    <\/div><div class=\"nectar-fancy-ul\" data-list-icon=\"dot\" data-animation=\"false\" data-animation-delay=\"0\" data-spacing=\"default\" data-alignment=\"left\"> Patrick Joisten<br \/>\nTelefon <a href=\"tel:02171947434\">0 21 71 &#8211; 94 74 34<\/a><br \/>\n<a href=\"mailto:patrick.joisten@joblev.de\">patrick.joisten@joblev.de<\/a> <\/div><div class=\"divider-wrap\" data-alignment=\"default\"><div style=\"height: 20px;\" class=\"divider\"><\/div><\/div>\n\t\t<\/div> \n\t<\/div>\n\t<\/div> \n<\/div><\/div>\n\t\t\t<\/div> \n\t\t<\/div>\n\t<\/div> \n<\/div><\/div>\r\n\t\t<div id=\"fws_69f22bf0db793\"  data-column-margin=\"default\" data-midnight=\"dark\"  class=\"wpb_row vc_row-fluid vc_row\"  style=\"padding-top: 0px; padding-bottom: 0px; \"><div class=\"row-bg-wrap\" data-bg-animation=\"none\" data-bg-animation-delay=\"\" data-bg-overlay=\"false\"><div class=\"inner-wrap row-bg-layer\" ><div class=\"row-bg viewport-desktop\"  style=\"\"><\/div><\/div><\/div><div class=\"row_col_wrap_12 col span_12 dark left\">\n\t<div  class=\"vc_col-sm-12 wpb_column column_container vc_column_container col no-extra-padding inherit_tablet inherit_phone\"  data-padding-pos=\"all\" data-has-bg-color=\"false\" data-bg-color=\"\" data-bg-opacity=\"1\" data-animation=\"\" data-delay=\"0\" >\n\t\t<div class=\"vc_column-inner\" >\n\t\t\t<div class=\"wpb_wrapper\">\n\t\t\t\t\n\t<div class=\"wpb_gallery wpb_content_element clearfix\">\n\t\t<div class=\"wpb_wrapper\"><div class=\"wpb_gallery_slidesflickity_static_height_style\" data-onclick=\"link_no\" data-interval=\"5\"><style>.wpb_gallery_slidesflickity_static_height_style .nectar-flickity.instace-69f22bf0dbf5f:not(.masonry) .flickity-slider .cell img {\r\n      height: 500px;\r\n    }\r\n    @media only screen and (max-width: 1300px) {\r\n      .wpb_gallery_slidesflickity_static_height_style .nectar-flickity.instace-69f22bf0dbf5f:not(.masonry) .flickity-slider .cell img {\r\n        height: 400px;\r\n      }\r\n    }\r\n    @media only screen and (max-width: 1000px) {\r\n      .wpb_gallery_slidesflickity_static_height_style .nectar-flickity.instace-69f22bf0dbf5f:not(.masonry) .flickity-slider .cell img {\r\n        height: 350px;\r\n      }\r\n    }\r\n    @media only screen and (max-width: 690px) {\r\n      .wpb_gallery_slidesflickity_static_height_style .nectar-flickity.instace-69f22bf0dbf5f:not(.masonry) .flickity-slider .cell img {\r\n        height: 300px;\r\n      }\r\n    }<\/style><div class=\"nectar-flickity not-initialized instace-69f22bf0dbf5f\"  data-touch-icon-color=\"default\" data-drag-scale=\"\" data-overflow=\"visible\" data-wrap=\"no-wrap\" data-spacing=\"10px\" data-shadow=\"none\" data-autoplay=\"\" data-autoplay-dur=\"\" data-free-scroll=\"\" data-controls=\"touch_total\"><div class=\"flickity-viewport\"> <div class=\"flickity-slider\"><div class=\"cell\" data-lazy=\"true\"><img loading=\"lazy\" decoding=\"async\" width=\"440\" height=\"330\"  src=\"data:image\/svg+xml;charset=utf-8,%3Csvg%20xmlns%3D'http%3A%2F%2Fwww.w3.org%2F2000%2Fsvg'%20viewBox%3D'0%200%20440%20330'%2F%3E\" data-nectar-img-src=\"https:\/\/www.joblev.de\/wp-content\/uploads\/2023\/11\/aktiv1.jpg\" class=\"skip-lazy nectar-lazy attachment-large\" alt=\"\" title=\"aktiv1\"  data-nectar-img-srcset=\"https:\/\/www.joblev.de\/wp-content\/uploads\/2023\/11\/aktiv1.jpg 440w, https:\/\/www.joblev.de\/wp-content\/uploads\/2023\/11\/aktiv1-300x225.jpg 300w, https:\/\/www.joblev.de\/wp-content\/uploads\/2023\/11\/aktiv1-16x12.jpg 16w\"><\/div><div class=\"cell\" data-lazy=\"true\"><img loading=\"lazy\" decoding=\"async\" width=\"440\" height=\"406\"  src=\"data:image\/svg+xml;charset=utf-8,%3Csvg%20xmlns%3D'http%3A%2F%2Fwww.w3.org%2F2000%2Fsvg'%20viewBox%3D'0%200%20440%20406'%2F%3E\" data-nectar-img-src=\"https:\/\/www.joblev.de\/wp-content\/uploads\/2023\/11\/aktiv2.jpg\" class=\"skip-lazy nectar-lazy attachment-large\" alt=\"\" title=\"aktiv2\"  data-nectar-img-srcset=\"https:\/\/www.joblev.de\/wp-content\/uploads\/2023\/11\/aktiv2.jpg 440w, https:\/\/www.joblev.de\/wp-content\/uploads\/2023\/11\/aktiv2-300x277.jpg 300w, https:\/\/www.joblev.de\/wp-content\/uploads\/2023\/11\/aktiv2-13x12.jpg 13w\"><\/div><div class=\"cell\" data-lazy=\"true\"><img loading=\"lazy\" decoding=\"async\" width=\"470\" height=\"354\"  src=\"data:image\/svg+xml;charset=utf-8,%3Csvg%20xmlns%3D'http%3A%2F%2Fwww.w3.org%2F2000%2Fsvg'%20viewBox%3D'0%200%20470%20354'%2F%3E\" data-nectar-img-src=\"https:\/\/www.joblev.de\/wp-content\/uploads\/2023\/11\/aktiv3.jpg\" class=\"skip-lazy nectar-lazy attachment-large\" alt=\"\" title=\"aktiv3\"  data-nectar-img-srcset=\"https:\/\/www.joblev.de\/wp-content\/uploads\/2023\/11\/aktiv3.jpg 470w, https:\/\/www.joblev.de\/wp-content\/uploads\/2023\/11\/aktiv3-300x226.jpg 300w, https:\/\/www.joblev.de\/wp-content\/uploads\/2023\/11\/aktiv3-16x12.jpg 16w\"><\/div><div class=\"cell\" data-lazy=\"true\"><img loading=\"lazy\" decoding=\"async\" width=\"528\" height=\"354\"  src=\"data:image\/svg+xml;charset=utf-8,%3Csvg%20xmlns%3D'http%3A%2F%2Fwww.w3.org%2F2000%2Fsvg'%20viewBox%3D'0%200%20528%20354'%2F%3E\" data-nectar-img-src=\"https:\/\/www.joblev.de\/wp-content\/uploads\/2023\/11\/aktiv4.png\" class=\"skip-lazy nectar-lazy attachment-large\" alt=\"\" title=\"aktiv4\"  data-nectar-img-srcset=\"https:\/\/www.joblev.de\/wp-content\/uploads\/2023\/11\/aktiv4.png 528w, https:\/\/www.joblev.de\/wp-content\/uploads\/2023\/11\/aktiv4-300x201.png 300w, https:\/\/www.joblev.de\/wp-content\/uploads\/2023\/11\/aktiv4-18x12.png 18w, https:\/\/www.joblev.de\/wp-content\/uploads\/2023\/11\/aktiv4-400x269.png 400w\"><\/div><div class=\"cell\" data-lazy=\"true\"><img loading=\"lazy\" decoding=\"async\" width=\"372\" height=\"430\"  src=\"data:image\/svg+xml;charset=utf-8,%3Csvg%20xmlns%3D'http%3A%2F%2Fwww.w3.org%2F2000%2Fsvg'%20viewBox%3D'0%200%20372%20430'%2F%3E\" data-nectar-img-src=\"https:\/\/www.joblev.de\/wp-content\/uploads\/2023\/11\/aktiv5.jpg\" class=\"skip-lazy nectar-lazy attachment-large\" alt=\"\" title=\"aktiv5\"  data-nectar-img-srcset=\"https:\/\/www.joblev.de\/wp-content\/uploads\/2023\/11\/aktiv5.jpg 372w, https:\/\/www.joblev.de\/wp-content\/uploads\/2023\/11\/aktiv5-260x300.jpg 260w, https:\/\/www.joblev.de\/wp-content\/uploads\/2023\/11\/aktiv5-10x12.jpg 10w\"><\/div><\/div><\/div><\/div><\/div>\n\t\t<\/div> \n\t<\/div> \n\t\t\t<\/div> \n\t\t<\/div>\n\t<\/div> \n<\/div><\/div>","protected":false},"excerpt":{"rendered":"Besch\u00e4ftigungs- und Qualifizierungsprojekt Aktivcenter f\u00fcr (Allein-)Erziehende Ein Kooperationsprojekt mit dem Kolping-Bildungswerk - Bildungsst\u00e4tte Leverkusen Welche T\u00e4tigkeit wird ausgef\u00fchrt? Gemeinsames Erstellen oder \u00dcberarbeiten professioneller Bewerbungsunterlagen Unterst\u00fctzung der Bewerbungsbem\u00fchungen durch die Jobcoaches...","protected":false},"author":1,"featured_media":0,"parent":307,"menu_order":0,"comment_status":"closed","ping_status":"closed","template":"","meta":{"footnotes":""},"class_list":["post-469","page","type-page","status-publish"],"aioseo_notices":[],"_links":{"self":[{"href":"https:\/\/www.joblev.de\/en\/wp-json\/wp\/v2\/pages\/469","targetHints":{"allow":["GET"]}}],"collection":[{"href":"https:\/\/www.joblev.de\/en\/wp-json\/wp\/v2\/pages"}],"about":[{"href":"https:\/\/www.joblev.de\/en\/wp-json\/wp\/v2\/types\/page"}],"author":[{"embeddable":true,"href":"https:\/\/www.joblev.de\/en\/wp-json\/wp\/v2\/users\/1"}],"replies":[{"embeddable":true,"href":"https:\/\/www.joblev.de\/en\/wp-json\/wp\/v2\/comments?post=469"}],"version-history":[{"count":8,"href":"https:\/\/www.joblev.de\/en\/wp-json\/wp\/v2\/pages\/469\/revisions"}],"predecessor-version":[{"id":3066,"href":"https:\/\/www.joblev.de\/en\/wp-json\/wp\/v2\/pages\/469\/revisions\/3066"}],"up":[{"embeddable":true,"href":"https:\/\/www.joblev.de\/en\/wp-json\/wp\/v2\/pages\/307"}],"wp:attachment":[{"href":"https:\/\/www.joblev.de\/en\/wp-json\/wp\/v2\/media?parent=469"}],"curies":[{"name":"wp","href":"https:\/\/api.w.org\/{rel}","templated":true}]}}