{"id":479,"date":"2023-11-10T16:27:17","date_gmt":"2023-11-10T15:27:17","guid":{"rendered":"https:\/\/www.joblev.de\/?page_id=479"},"modified":"2024-09-24T08:23:48","modified_gmt":"2024-09-24T06:23:48","slug":"anerkennungsberatung","status":"publish","type":"page","link":"https:\/\/www.joblev.de\/en\/beratung-und-vermittlung\/anerkennungsberatung\/","title":{"rendered":"Anerkennungsberatung"},"content":{"rendered":"<div id=\"fws_69f5bafd2bd9f\"  data-column-margin=\"90px\" data-midnight=\"dark\" data-top-percent=\"2%\" data-bottom-percent=\"8%\"  class=\"wpb_row vc_row-fluid vc_row full-width-section\"  style=\"padding-top: calc(100vw * 0.02); padding-bottom: calc(100vw * 0.08); \"><div class=\"row-bg-wrap\" data-bg-animation=\"none\" data-bg-animation-delay=\"\" data-bg-overlay=\"false\"><div class=\"inner-wrap row-bg-layer\" ><div class=\"row-bg viewport-desktop using-bg-color\"  style=\"background-color: #e8f0ff; \"><\/div><\/div><\/div><div class=\"row_col_wrap_12 col span_12 dark left\">\n\t<div  class=\"vc_col-sm-9 wpb_column column_container vc_column_container col has-animation padding-1-percent inherit_tablet inherit_phone\"  data-t-w-inherits=\"small_desktop\" data-padding-pos=\"top\" data-has-bg-color=\"false\" data-bg-color=\"\" data-bg-opacity=\"1\" data-animation=\"fade-in-from-bottom\" data-delay=\"0\" >\n\t\t<div class=\"vc_column-inner\" >\n\t\t\t<div class=\"wpb_wrapper\">\n\t\t\t\t\r\n<div class=\"wpb_text_column wpb_content_element\" >\r\n\t<div class=\"wpb_wrapper\">\r\n\t\t<h2>Anerkennungsberatung<\/h2>\n\t<\/div>\r\n<\/div>\r\n\r\n\r\n\r\n<div id=\"fws_69f5bafd2c531\" data-midnight=\"\" data-column-margin=\"60px\" class=\"wpb_row vc_row-fluid vc_row inner_row\"  style=\"padding-top: 15px; \"><div class=\"row-bg-wrap\"> <div class=\"row-bg\" ><\/div> <\/div><div class=\"row_col_wrap_12_inner col span_12  left\">\n\t<div  class=\"vc_col-sm-12 wpb_column column_container vc_column_container col child_column no-extra-padding inherit_tablet inherit_phone\"   data-padding-pos=\"all\" data-has-bg-color=\"false\" data-bg-color=\"\" data-bg-opacity=\"1\" data-animation=\"\" data-delay=\"0\" >\n\t\t<div class=\"vc_column-inner\" >\n\t\t<div class=\"wpb_wrapper\">\n\t\t\t\r\n<div class=\"wpb_text_column wpb_content_element\" >\r\n\t<div class=\"wpb_wrapper\">\r\n\t\t<p>Bitte beachten Sie: Ohne Ihre vollst\u00e4ndigen Unterlagen ist eine Terminvergabe nicht m\u00f6glich.<\/p>\n<p>Was m\u00f6chten Sie anerkennen lassen? Bitte w\u00e4hlen Sie durch Anklicken aus:<\/p>\n\t<\/div>\r\n<\/div>\r\n\r\n\r\n\r\n\n\t\t<\/div> \n\t<\/div>\n\t<\/div> \n<\/div><\/div><div id=\"fws_69f5bafd2ca71\" data-midnight=\"\" data-column-margin=\"60px\" class=\"wpb_row vc_row-fluid vc_row inner_row  vc_custom_1706516929584\"  style=\"padding-top: 15px; \"><div class=\"row-bg-wrap\"> <div class=\"row-bg\" ><\/div> <\/div><div class=\"row_col_wrap_12_inner col span_12  left\">\n\t<div style=\"margin-bottom: 5%; \" class=\"vc_col-sm-6 vc_hidden-sm vc_hidden-xs wpb_column column_container vc_column_container col child_column padding-5-percent inherit_tablet padding-5-percent_phone\"   data-padding-pos=\"top-left\" data-has-bg-color=\"false\" data-bg-color=\"\" data-bg-opacity=\"1\" data-animation=\"\" data-delay=\"0\" >\n\t\t<div class=\"vc_column-inner\" >\n\t\t<div class=\"wpb_wrapper\">\n\t\t\t<div class=\"nectar-fancy-box using-img\" style=\"min-height: 350px\" data-style=\"hover_desc\" data-border-radius=\"5px\" data-animation=\"\" data-bg-animation=\"long_zoom\" data-border=\"\" data-delay=\"\" data-alignment=\"left\" data-color=\"accent-color\" ><div class=\"box-bg\"  data-nectar-img-src=\"https:\/\/www.joblev.de\/wp-content\/uploads\/2023\/12\/unbenannt-61125.jpg\"><\/div><div class=\"inner\"><div class=\"heading-wrap\">\n<h3>Schulabschluss<\/h3>\n<\/div><\/div>  <a  href=\"https:\/\/www.joblev.de\/en\/beratung-und-vermittlung\/schulabschluss\/\" class=\"box-link\"><\/a> <\/div>\n\t\t<\/div> \n\t<\/div>\n\t<\/div> \n\n\t<div  class=\"vc_col-sm-6 vc_hidden-sm vc_hidden-xs wpb_column column_container vc_column_container col child_column padding-5-percent inherit_tablet padding-5-percent_phone\"   data-padding-pos=\"top-right\" data-has-bg-color=\"false\" data-bg-color=\"\" data-bg-opacity=\"1\" data-animation=\"\" data-delay=\"0\" >\n\t\t<div class=\"vc_column-inner\" >\n\t\t<div class=\"wpb_wrapper\">\n\t\t\t<div class=\"nectar-fancy-box using-img\" style=\"min-height: 350px\" data-style=\"hover_desc\" data-border-radius=\"5px\" data-animation=\"\" data-bg-animation=\"long_zoom\" data-border=\"\" data-delay=\"\" data-alignment=\"left\" data-color=\"accent-color\" ><div class=\"box-bg\"  data-nectar-img-src=\"https:\/\/www.joblev.de\/wp-content\/uploads\/2023\/12\/61278.jpg\"><\/div><div class=\"inner\"><div class=\"heading-wrap\">\n<h3>Berufsabschluss \/<br \/>\nBerufsausbildung<\/h3>\n<\/div><\/div>  <a  href=\"https:\/\/www.joblev.de\/en\/beratung-und-vermittlung\/berufsabschluss-berufsausbildung\/\" class=\"box-link\"><\/a> <\/div>\n\t\t<\/div> \n\t<\/div>\n\t<\/div> \n\n\t<div  class=\"vc_col-sm-6 vc_hidden-sm vc_hidden-xs wpb_column column_container vc_column_container col child_column padding-5-percent inherit_tablet inherit_phone\"   data-padding-pos=\"left\" data-has-bg-color=\"false\" data-bg-color=\"\" data-bg-opacity=\"1\" data-animation=\"\" data-delay=\"0\" >\n\t\t<div class=\"vc_column-inner\" >\n\t\t<div class=\"wpb_wrapper\">\n\t\t\t<div class=\"nectar-fancy-box using-img\" style=\"min-height: 350px\" data-style=\"hover_desc\" data-border-radius=\"5px\" data-animation=\"\" data-bg-animation=\"long_zoom\" data-border=\"\" data-delay=\"\" data-alignment=\"left\" data-color=\"accent-color\" ><div class=\"box-bg\"  data-nectar-img-src=\"https:\/\/www.joblev.de\/wp-content\/uploads\/2023\/10\/2-Ebene_Kommunale-Lotsenfunktion.jpg\"><\/div><div class=\"inner\"><div class=\"heading-wrap\">\n<h3>Studium<\/h3>\n<\/div><\/div>  <a  href=\"https:\/\/www.joblev.de\/en\/beratung-und-vermittlung\/studium\/\" class=\"box-link\"><\/a> <\/div>\n\t\t<\/div> \n\t<\/div>\n\t<\/div> \n\n\t<div  class=\"vc_col-sm-6 vc_hidden-sm vc_hidden-xs wpb_column column_container vc_column_container col child_column padding-5-percent inherit_tablet inherit_phone\"   data-padding-pos=\"right\" data-has-bg-color=\"false\" data-bg-color=\"\" data-bg-opacity=\"1\" data-animation=\"\" data-delay=\"0\" >\n\t\t<div class=\"vc_column-inner\" >\n\t\t<div class=\"wpb_wrapper\">\n\t\t\t<div class=\"nectar-fancy-box using-img\" style=\"min-height: 350px\" data-style=\"hover_desc\" data-border-radius=\"5px\" data-animation=\"\" data-bg-animation=\"long_zoom\" data-border=\"\" data-delay=\"\" data-alignment=\"left\" data-color=\"accent-color\" ><div class=\"box-bg\"  data-nectar-img-src=\"https:\/\/www.joblev.de\/wp-content\/uploads\/2023\/12\/unbenannt-61056.jpg\"><\/div><div class=\"inner\"><div class=\"heading-wrap\">\n<h3>Ausbildung \/ Studium<br \/>\nin Gesundheitsberufen<\/h3>\n<\/div><\/div>  <a  href=\"https:\/\/www.joblev.de\/en\/beratung-und-vermittlung\/ausbildung-studium-in-gesundheitsberufen\/\" class=\"box-link\"><\/a> <\/div>\n\t\t<\/div> \n\t<\/div>\n\t<\/div> \n\n\t<div  class=\"vc_col-sm-12 vc_hidden-sm vc_hidden-xs wpb_column column_container vc_column_container col child_column padding-5-percent inherit_tablet inherit_phone\"   data-padding-pos=\"bottom-left\" data-has-bg-color=\"false\" data-bg-color=\"\" data-bg-opacity=\"1\" data-animation=\"\" data-delay=\"0\" >\n\t\t<div class=\"vc_column-inner\" >\n\t\t<div class=\"wpb_wrapper\">\n\t\t\t\r\n<div class=\"wpb_text_column wpb_content_element  vc_custom_1727158999084\" >\r\n\t<div class=\"wpb_wrapper\">\r\n\t\t<p>Bitte nehmen Sie zur Einleitung von Anerkennungsverfahren auch Kontakt auf mit:<\/p>\n<p><a href=\"https:\/\/migration-arbeitswelt.de\/projekte\/anerkennung\/\" target=\"_blank\" rel=\"noopener\">Anerkennungsberatung IQ-Netzwerk K\u00f6ln<\/a><\/p>\n<p>Wenn Sie einen Beratungstermin durch die JSL w\u00fcnschen, schreiben Sie gerne eine Mail an <a href=\"mailto:claudia.welke@joblev.de\" target=\"_blank\" rel=\"noopener\">claudia.welke@joblev.de<\/a> mit folgenden vollst\u00e4ndigen Informationen:<\/p>\n<ul>\n<li>Lebenslauf<\/li>\n<li>Kunde beim Jobcenter: Ja oder Nein<\/li>\n<li>Ihre Beraterin \/ Ansprechperson beim Jobcenter<\/li>\n<li>Ihre Kundennummer beim Jobcenter<\/li>\n<li>Zahlt das Jobcenter die Kosten f\u00fcr das Anerkennungsverfahren?<\/li>\n<li>Welcher Abschluss aus welchem Land soll anerkannt werden?<\/li>\n<\/ul>\n<p>Wenn Sie Fragen zur <strong>Anerkennung Ihrer Schul-, Berufs-, Universit\u00e4tsabschl\u00fcsse<\/strong> haben, dann informieren Sie sich bitte\u00a0oben auf dieser Seite \u00fcber das f\u00fcr Sie passende Anerkennungsverfahren.<\/p>\n\t<\/div>\r\n<\/div>\r\n\r\n\r\n\r\n\n\t\t<\/div> \n\t<\/div>\n\t<\/div> \n<\/div><\/div><div id=\"fws_69f5bafd2e9dc\" data-midnight=\"\" data-column-margin=\"60px\" class=\"wpb_row vc_row-fluid vc_row inner_row  vc_custom_1706516929584\"  style=\"padding-top: 15px; \"><div class=\"row-bg-wrap\"> <div class=\"row-bg\" ><\/div> <\/div><div class=\"row_col_wrap_12_inner col span_12  left\">\n\t<div style=\"margin-bottom: 5%; \" class=\"vc_col-sm-12 vc_hidden-lg vc_hidden-md wpb_column column_container vc_column_container col child_column padding-5-percent inherit_tablet padding-5-percent_phone\"   data-padding-pos=\"left-right\" data-has-bg-color=\"false\" data-bg-color=\"\" data-bg-opacity=\"1\" data-animation=\"\" data-delay=\"0\" >\n\t\t<div class=\"vc_column-inner\" >\n\t\t<div class=\"wpb_wrapper\">\n\t\t\t<div class=\"nectar-fancy-box using-img\" style=\"min-height: 350px\" data-style=\"hover_desc\" data-border-radius=\"5px\" data-animation=\"\" data-bg-animation=\"long_zoom\" data-border=\"\" data-delay=\"\" data-alignment=\"left\" data-color=\"accent-color\" ><div class=\"box-bg\"  data-nectar-img-src=\"https:\/\/www.joblev.de\/wp-content\/uploads\/2023\/12\/unbenannt-61125.jpg\"><\/div><div class=\"inner\"><div class=\"heading-wrap\">\n<h3>Schulabschluss<\/h3>\n<\/div><\/div>  <a  href=\"https:\/\/www.joblev.de\/en\/beratung-und-vermittlung\/schulabschluss\/\" class=\"box-link\"><\/a> <\/div><div class=\"nectar-fancy-box using-img\" style=\"min-height: 350px\" data-style=\"hover_desc\" data-border-radius=\"5px\" data-animation=\"\" data-bg-animation=\"long_zoom\" data-border=\"\" data-delay=\"\" data-alignment=\"left\" data-color=\"accent-color\" ><div class=\"box-bg\"  data-nectar-img-src=\"https:\/\/www.joblev.de\/wp-content\/uploads\/2023\/12\/61278.jpg\"><\/div><div class=\"inner\"><div class=\"heading-wrap\">\n<h3>Berufsabschluss \/<br \/>\nBerufsausbildung<\/h3>\n<\/div><\/div>  <a  href=\"https:\/\/www.joblev.de\/en\/beratung-und-vermittlung\/berufsabschluss-berufsausbildung\/\" class=\"box-link\"><\/a> <\/div><div class=\"nectar-fancy-box using-img\" style=\"min-height: 350px\" data-style=\"hover_desc\" data-border-radius=\"5px\" data-animation=\"\" data-bg-animation=\"long_zoom\" data-border=\"\" data-delay=\"\" data-alignment=\"left\" data-color=\"accent-color\" ><div class=\"box-bg\"  data-nectar-img-src=\"https:\/\/www.joblev.de\/wp-content\/uploads\/2023\/10\/2-Ebene_Kommunale-Lotsenfunktion.jpg\"><\/div><div class=\"inner\"><div class=\"heading-wrap\">\n<h3>Studium<\/h3>\n<\/div><\/div>  <a  href=\"https:\/\/www.joblev.de\/en\/beratung-und-vermittlung\/studium\/\" class=\"box-link\"><\/a> <\/div><div class=\"nectar-fancy-box using-img\" style=\"min-height: 350px\" data-style=\"hover_desc\" data-border-radius=\"5px\" data-animation=\"\" data-bg-animation=\"long_zoom\" data-border=\"\" data-delay=\"\" data-alignment=\"left\" data-color=\"accent-color\" ><div class=\"box-bg\"  data-nectar-img-src=\"https:\/\/www.joblev.de\/wp-content\/uploads\/2023\/12\/unbenannt-61056.jpg\"><\/div><div class=\"inner\"><div class=\"heading-wrap\">\n<h3>Ausbildung \/ Studium<br \/>\nin Gesundheitsberufen<\/h3>\n<\/div><\/div>  <a  href=\"https:\/\/www.joblev.de\/en\/beratung-und-vermittlung\/ausbildung-studium-in-gesundheitsberufen\/\" class=\"box-link\"><\/a> <\/div>\r\n<div class=\"wpb_text_column wpb_content_element  vc_custom_1706872431655\" >\r\n\t<div class=\"wpb_wrapper\">\r\n\t\t<p>Bitte nehmen Sie zur Einleitung von Anerkennungsverfahren auch Kontakt auf mit:<\/p>\n<p><a href=\"https:\/\/www.arbeitsagentur.de\/vor-ort\/koeln\/arbeit-und-beruf-in-koeln\/berufsberatung-im-erwerbsleben\/team-bergisch-gladbach\" target=\"_blank\" rel=\"noopener\">Anerkennungsberatung der Agentur f\u00fcr Arbeit<\/a><\/p>\n<p><a href=\"https:\/\/migration-arbeitswelt.de\/projekte\/anerkennung\/\" target=\"_blank\" rel=\"noopener\">Anerkennungsberatung IQ-Netzwerk K\u00f6ln<\/a><\/p>\n<p>Wenn Sie einen Beratungstermin durch die JSL w\u00fcnschen, schreiben Sie gerne eine Mail an <a href=\"mailto:claudia.welke@joblev.de\" target=\"_blank\" rel=\"noopener\">claudia.welke@joblev.de<\/a> mit folgenden vollst\u00e4ndigen Informationen:<\/p>\n<ul>\n<li>Lebenslauf<\/li>\n<li>Kunde beim Jobcenter: Ja oder Nein<\/li>\n<li>Ihre Beraterin \/ Ansprechperson beim Jobcenter<\/li>\n<li>Ihre Kundennummer beim Jobcenter<\/li>\n<li>Zahlt das Jobcenter die Kosten f\u00fcr das Anerkennungsverfahren?<\/li>\n<li>Welcher Abschluss aus welchem Land soll anerkannt werden?<\/li>\n<\/ul>\n<p>Wenn Sie Fragen zur <strong>Anerkennung Ihrer Schul-, Berufs-, Universit\u00e4tsabschl\u00fcsse<\/strong> haben, dann informieren Sie sich bitte\u00a0oben auf dieser Seite \u00fcber das f\u00fcr Sie passende Anerkennungsverfahren.<\/p>\n\t<\/div>\r\n<\/div>\r\n\r\n\r\n\r\n\n\t\t<\/div> \n\t<\/div>\n\t<\/div> \n<\/div><\/div>\n\t\t\t<\/div> \n\t\t<\/div>\n\t<\/div> \n\n\t<div style=\"z-index: 100; \" class=\"vc_col-sm-3 wpb_column column_container vc_column_container col has-animation padding-1-percent inherit_tablet inherit_phone\"  data-t-w-inherits=\"small_desktop\" data-padding-pos=\"top\" data-has-bg-color=\"false\" data-bg-color=\"\" data-bg-opacity=\"1\" data-animation=\"fade-in-from-bottom\" data-delay=\"100\" >\n\t\t<div class=\"vc_column-inner\" >\n\t\t\t<div class=\"wpb_wrapper\">\n\t\t\t\t<div id=\"fws_69f5bafd2f9e5\" data-midnight=\"\" data-column-margin=\"none\" class=\"wpb_row vc_row-fluid vc_row inner_row\"  style=\"padding-bottom: 20px; \"><div class=\"row-bg-wrap\"> <div class=\"row-bg\" ><\/div> <\/div><div class=\"row_col_wrap_12_inner col span_12  left\">\n\t<div  class=\"vc_col-sm-12 wpb_column column_container vc_column_container col child_column no-extra-padding inherit_tablet inherit_phone\"   data-padding-pos=\"all\" data-has-bg-color=\"false\" data-bg-color=\"\" data-bg-opacity=\"1\" data-animation=\"\" data-delay=\"0\" >\n\t\t<div class=\"vc_column-inner\" >\n\t\t<div class=\"wpb_wrapper\">\n\t\t\t<div class=\"img-with-aniamtion-wrap\" data-max-width=\"100%\" data-max-width-mobile=\"default\" data-border-radius=\"20px\" data-shadow=\"small_depth\" data-animation=\"grow-in\" >\r\n      <div class=\"inner\">\r\n        <div class=\"hover-wrap\" data-hover-animation=\"zoom-crop\"> \r\n          <div class=\"hover-wrap-inner\">\r\n            <img loading=\"lazy\" decoding=\"async\" class=\"img-with-animation skip-lazy\" data-delay=\"0\" height=\"541\" width=\"749\" data-animation=\"grow-in\" src=\"https:\/\/www.joblev.de\/wp-content\/uploads\/2023\/10\/Bildschirm\u00adfoto-2023-10-09-um-12.43.02-e1699627748464.png\" alt=\"\" srcset=\"https:\/\/www.joblev.de\/wp-content\/uploads\/2023\/10\/Bildschirm\u00adfoto-2023-10-09-um-12.43.02-e1699627748464.png 749w, https:\/\/www.joblev.de\/wp-content\/uploads\/2023\/10\/Bildschirm\u00adfoto-2023-10-09-um-12.43.02-e1699627748464-300x217.png 300w, https:\/\/www.joblev.de\/wp-content\/uploads\/2023\/10\/Bildschirm\u00adfoto-2023-10-09-um-12.43.02-e1699627748464-18x12.png 18w\" sizes=\"auto, (max-width: 749px) 100vw, 749px\" \/>\r\n          <\/div>\r\n        <\/div>\r\n      <\/div>\r\n    <\/div><div class=\"nectar-fancy-ul\" data-list-icon=\"dot\" data-animation=\"false\" data-animation-delay=\"0\" data-spacing=\"default\" data-alignment=\"left\"> Claudia Welke<br \/>\nTelefon <a href=\"tel:02171947425\">0 21 71 &#8211; 94 74 25<\/a><br \/>\n<a href=\"mailto:claudia.welke@joblev.de\">claudia.welke@joblev.de<\/a> <\/div><div class=\"divider-wrap\" data-alignment=\"default\"><div style=\"height: 20px;\" class=\"divider\"><\/div><\/div>\n\t\t<\/div> \n\t<\/div>\n\t<\/div> \n<\/div><\/div>\n\t\t\t<\/div> \n\t\t<\/div>\n\t<\/div> \n<\/div><\/div>\r\n\t\t<div id=\"fws_69f5bafd30429\"  data-column-margin=\"default\" data-midnight=\"dark\"  class=\"wpb_row vc_row-fluid vc_row full-width-section\"  style=\"padding-top: 0px; padding-bottom: 0px; \"><div class=\"row-bg-wrap\" data-bg-animation=\"none\" data-bg-animation-delay=\"\" data-bg-overlay=\"false\"><div class=\"inner-wrap row-bg-layer\" ><div class=\"row-bg viewport-desktop using-bg-color\"  style=\"background-color: #e8f0ff; \"><\/div><\/div><\/div><div class=\"row_col_wrap_12 col span_12 dark left\">\n\t<div  class=\"vc_col-sm-12 wpb_column column_container vc_column_container col no-extra-padding inherit_tablet inherit_phone\"  data-padding-pos=\"all\" data-has-bg-color=\"false\" data-bg-color=\"\" data-bg-opacity=\"1\" data-animation=\"\" data-delay=\"0\" >\n\t\t<div class=\"vc_column-inner\" >\n\t\t\t<div class=\"wpb_wrapper\">\n\t\t\t\t\n\t<div class=\"wpb_gallery wpb_content_element clearfix\">\n\t\t<div class=\"wpb_wrapper\"><div class=\"wpb_gallery_slidesflickity_static_height_style\" data-onclick=\"link_image\" data-interval=\"5\"><style>.wpb_gallery_slidesflickity_static_height_style .nectar-flickity.instace-69f5bafd30c1f:not(.masonry) .flickity-slider .cell img {\r\n      height: 500px;\r\n    }\r\n    @media only screen and (max-width: 1300px) {\r\n      .wpb_gallery_slidesflickity_static_height_style .nectar-flickity.instace-69f5bafd30c1f:not(.masonry) .flickity-slider .cell img {\r\n        height: 400px;\r\n      }\r\n    }\r\n    @media only screen and (max-width: 1000px) {\r\n      .wpb_gallery_slidesflickity_static_height_style .nectar-flickity.instace-69f5bafd30c1f:not(.masonry) .flickity-slider .cell img {\r\n        height: 350px;\r\n      }\r\n    }\r\n    @media only screen and (max-width: 690px) {\r\n      .wpb_gallery_slidesflickity_static_height_style .nectar-flickity.instace-69f5bafd30c1f:not(.masonry) .flickity-slider .cell img {\r\n        height: 300px;\r\n      }\r\n    }<\/style><div class=\"nectar-flickity not-initialized instace-69f5bafd30c1f\"  data-touch-icon-color=\"default\" data-drag-scale=\"\" data-overflow=\"visible\" data-wrap=\"no-wrap\" data-spacing=\"10px\" data-shadow=\"none\" data-autoplay=\"\" data-autoplay-dur=\"\" data-free-scroll=\"\" data-controls=\"touch_total\"><div class=\"flickity-viewport\"> <div class=\"flickity-slider\"><div class=\"cell\" data-lazy=\"true\"><img loading=\"lazy\" decoding=\"async\" width=\"1024\" height=\"683\"  src=\"data:image\/svg+xml;charset=utf-8,%3Csvg%20xmlns%3D'http%3A%2F%2Fwww.w3.org%2F2000%2Fsvg'%20viewBox%3D'0%200%201024%20683'%2F%3E\" data-nectar-img-src=\"https:\/\/www.joblev.de\/wp-content\/uploads\/2023\/12\/61278-1024x683.jpg\" class=\"skip-lazy nectar-lazy attachment-large\" alt=\"\" title=\"61278\"  data-nectar-img-srcset=\"https:\/\/www.joblev.de\/wp-content\/uploads\/2023\/12\/61278-1024x683.jpg 1024w, https:\/\/www.joblev.de\/wp-content\/uploads\/2023\/12\/61278-300x200.jpg 300w, https:\/\/www.joblev.de\/wp-content\/uploads\/2023\/12\/61278-768x512.jpg 768w, https:\/\/www.joblev.de\/wp-content\/uploads\/2023\/12\/61278-18x12.jpg 18w, https:\/\/www.joblev.de\/wp-content\/uploads\/2023\/12\/61278-900x600.jpg 900w, https:\/\/www.joblev.de\/wp-content\/uploads\/2023\/12\/61278.jpg 1200w\"><a class=\"entire-slide-link\"  href=\"https:\/\/www.joblev.de\/wp-content\/uploads\/2023\/12\/61278.jpg\"><\/a><\/div><div class=\"cell\" data-lazy=\"true\"><img loading=\"lazy\" decoding=\"async\" width=\"1024\" height=\"683\"  src=\"data:image\/svg+xml;charset=utf-8,%3Csvg%20xmlns%3D'http%3A%2F%2Fwww.w3.org%2F2000%2Fsvg'%20viewBox%3D'0%200%201024%20683'%2F%3E\" data-nectar-img-src=\"https:\/\/www.joblev.de\/wp-content\/uploads\/2023\/12\/unbenannt-61125-1024x683.jpg\" class=\"skip-lazy nectar-lazy attachment-large\" alt=\"\" title=\"unbenannt-61125\"  data-nectar-img-srcset=\"https:\/\/www.joblev.de\/wp-content\/uploads\/2023\/12\/unbenannt-61125-1024x683.jpg 1024w, https:\/\/www.joblev.de\/wp-content\/uploads\/2023\/12\/unbenannt-61125-300x200.jpg 300w, https:\/\/www.joblev.de\/wp-content\/uploads\/2023\/12\/unbenannt-61125-768x512.jpg 768w, https:\/\/www.joblev.de\/wp-content\/uploads\/2023\/12\/unbenannt-61125-18x12.jpg 18w, https:\/\/www.joblev.de\/wp-content\/uploads\/2023\/12\/unbenannt-61125-900x600.jpg 900w, https:\/\/www.joblev.de\/wp-content\/uploads\/2023\/12\/unbenannt-61125.jpg 1200w\"><a class=\"entire-slide-link\"  href=\"https:\/\/www.joblev.de\/wp-content\/uploads\/2023\/12\/unbenannt-61125.jpg\"><\/a><\/div><div class=\"cell\" data-lazy=\"true\"><img loading=\"lazy\" decoding=\"async\" width=\"1024\" height=\"683\"  src=\"data:image\/svg+xml;charset=utf-8,%3Csvg%20xmlns%3D'http%3A%2F%2Fwww.w3.org%2F2000%2Fsvg'%20viewBox%3D'0%200%201024%20683'%2F%3E\" data-nectar-img-src=\"https:\/\/www.joblev.de\/wp-content\/uploads\/2023\/10\/2-Ebene_Kommunale-Lotsenfunktion-1024x683.jpg\" class=\"skip-lazy nectar-lazy attachment-large\" alt=\"\" title=\"2 Ebene_Kommunale Lotsenfunktion\"  data-nectar-img-srcset=\"https:\/\/www.joblev.de\/wp-content\/uploads\/2023\/10\/2-Ebene_Kommunale-Lotsenfunktion-1024x683.jpg 1024w, https:\/\/www.joblev.de\/wp-content\/uploads\/2023\/10\/2-Ebene_Kommunale-Lotsenfunktion-300x200.jpg 300w, https:\/\/www.joblev.de\/wp-content\/uploads\/2023\/10\/2-Ebene_Kommunale-Lotsenfunktion-768x512.jpg 768w, https:\/\/www.joblev.de\/wp-content\/uploads\/2023\/10\/2-Ebene_Kommunale-Lotsenfunktion-1536x1024.jpg 1536w, https:\/\/www.joblev.de\/wp-content\/uploads\/2023\/10\/2-Ebene_Kommunale-Lotsenfunktion-18x12.jpg 18w, https:\/\/www.joblev.de\/wp-content\/uploads\/2023\/10\/2-Ebene_Kommunale-Lotsenfunktion-900x600.jpg 900w, https:\/\/www.joblev.de\/wp-content\/uploads\/2023\/10\/2-Ebene_Kommunale-Lotsenfunktion.jpg 1969w\"><a class=\"entire-slide-link\"  href=\"https:\/\/www.joblev.de\/wp-content\/uploads\/2023\/10\/2-Ebene_Kommunale-Lotsenfunktion.jpg\"><\/a><\/div><div class=\"cell\" data-lazy=\"true\"><img loading=\"lazy\" decoding=\"async\" width=\"1024\" height=\"683\"  src=\"data:image\/svg+xml;charset=utf-8,%3Csvg%20xmlns%3D'http%3A%2F%2Fwww.w3.org%2F2000%2Fsvg'%20viewBox%3D'0%200%201024%20683'%2F%3E\" data-nectar-img-src=\"https:\/\/www.joblev.de\/wp-content\/uploads\/2023\/10\/2-Ebene_Individualcoaching-1024x683.jpg\" class=\"skip-lazy nectar-lazy attachment-large\" alt=\"\" title=\"2 Ebene_Individualcoaching\"  data-nectar-img-srcset=\"https:\/\/www.joblev.de\/wp-content\/uploads\/2023\/10\/2-Ebene_Individualcoaching-1024x683.jpg 1024w, https:\/\/www.joblev.de\/wp-content\/uploads\/2023\/10\/2-Ebene_Individualcoaching-300x200.jpg 300w, https:\/\/www.joblev.de\/wp-content\/uploads\/2023\/10\/2-Ebene_Individualcoaching-768x512.jpg 768w, https:\/\/www.joblev.de\/wp-content\/uploads\/2023\/10\/2-Ebene_Individualcoaching-1536x1024.jpg 1536w, https:\/\/www.joblev.de\/wp-content\/uploads\/2023\/10\/2-Ebene_Individualcoaching-18x12.jpg 18w, https:\/\/www.joblev.de\/wp-content\/uploads\/2023\/10\/2-Ebene_Individualcoaching-900x600.jpg 900w, https:\/\/www.joblev.de\/wp-content\/uploads\/2023\/10\/2-Ebene_Individualcoaching.jpg 1969w\"><a class=\"entire-slide-link\"  href=\"https:\/\/www.joblev.de\/wp-content\/uploads\/2023\/10\/2-Ebene_Individualcoaching.jpg\"><\/a><\/div><\/div><\/div><\/div><\/div>\n\t\t<\/div> \n\t<\/div> \n\t\t\t<\/div> \n\t\t<\/div>\n\t<\/div> \n<\/div><\/div>","protected":false},"excerpt":{"rendered":"Anerkennungsberatung Bitte beachten Sie: Ohne Ihre vollst\u00e4ndigen Unterlagen ist eine Terminvergabe nicht m\u00f6glich. Was m\u00f6chten Sie anerkennen lassen? Bitte w\u00e4hlen Sie durch Anklicken aus: Schulabschluss Berufsabschluss \/ Berufsausbildung Studium Ausbildung...","protected":false},"author":1,"featured_media":0,"parent":307,"menu_order":0,"comment_status":"closed","ping_status":"closed","template":"","meta":{"footnotes":""},"class_list":["post-479","page","type-page","status-publish"],"aioseo_notices":[],"_links":{"self":[{"href":"https:\/\/www.joblev.de\/en\/wp-json\/wp\/v2\/pages\/479","targetHints":{"allow":["GET"]}}],"collection":[{"href":"https:\/\/www.joblev.de\/en\/wp-json\/wp\/v2\/pages"}],"about":[{"href":"https:\/\/www.joblev.de\/en\/wp-json\/wp\/v2\/types\/page"}],"author":[{"embeddable":true,"href":"https:\/\/www.joblev.de\/en\/wp-json\/wp\/v2\/users\/1"}],"replies":[{"embeddable":true,"href":"https:\/\/www.joblev.de\/en\/wp-json\/wp\/v2\/comments?post=479"}],"version-history":[{"count":9,"href":"https:\/\/www.joblev.de\/en\/wp-json\/wp\/v2\/pages\/479\/revisions"}],"predecessor-version":[{"id":1916,"href":"https:\/\/www.joblev.de\/en\/wp-json\/wp\/v2\/pages\/479\/revisions\/1916"}],"up":[{"embeddable":true,"href":"https:\/\/www.joblev.de\/en\/wp-json\/wp\/v2\/pages\/307"}],"wp:attachment":[{"href":"https:\/\/www.joblev.de\/en\/wp-json\/wp\/v2\/media?parent=479"}],"curies":[{"name":"wp","href":"https:\/\/api.w.org\/{rel}","templated":true}]}}