{"id":493,"date":"2023-11-10T16:48:41","date_gmt":"2023-11-10T15:48:41","guid":{"rendered":"https:\/\/www.joblev.de\/?page_id=493"},"modified":"2025-02-06T10:49:26","modified_gmt":"2025-02-06T09:49:26","slug":"transporte-und-stadtreinigung","status":"publish","type":"page","link":"https:\/\/www.joblev.de\/en\/beratung-und-vermittlung\/transporte-und-stadtreinigung\/","title":{"rendered":"Transporte und Stadtreinigung"},"content":{"rendered":"<div id=\"fws_69f5bdd165a2b\"  data-column-margin=\"90px\" data-midnight=\"dark\" data-top-percent=\"2%\" data-bottom-percent=\"8%\"  class=\"wpb_row vc_row-fluid vc_row full-width-section\"  style=\"padding-top: calc(100vw * 0.02); padding-bottom: calc(100vw * 0.08); \"><div class=\"row-bg-wrap\" data-bg-animation=\"none\" data-bg-animation-delay=\"\" data-bg-overlay=\"false\"><div class=\"inner-wrap row-bg-layer\" ><div class=\"row-bg viewport-desktop\"  style=\"\"><\/div><\/div><\/div><div class=\"row_col_wrap_12 col span_12 dark left\">\n\t<div  class=\"vc_col-sm-9 wpb_column column_container vc_column_container col has-animation padding-1-percent inherit_tablet inherit_phone\"  data-t-w-inherits=\"small_desktop\" data-padding-pos=\"top\" data-has-bg-color=\"false\" data-bg-color=\"\" data-bg-opacity=\"1\" data-animation=\"fade-in-from-bottom\" data-delay=\"0\" >\n\t\t<div class=\"vc_column-inner\" >\n\t\t\t<div class=\"wpb_wrapper\">\n\t\t\t\t\r\n<div class=\"wpb_text_column wpb_content_element\" >\r\n\t<div class=\"wpb_wrapper\">\r\n\t\t<h2><strong>Transporte und Stadtreinigung<\/strong><\/h2>\n\t<\/div>\r\n<\/div>\r\n\r\n\r\n\r\n<div id=\"fws_69f5bdd1660b5\" data-midnight=\"\" data-column-margin=\"60px\" class=\"wpb_row vc_row-fluid vc_row inner_row\"  style=\"padding-top: 15px; \"><div class=\"row-bg-wrap\"> <div class=\"row-bg\" ><\/div> <\/div><div class=\"row_col_wrap_12_inner col span_12  left\">\n\t<div  class=\"vc_col-sm-12 wpb_column column_container vc_column_container col child_column no-extra-padding inherit_tablet inherit_phone\"   data-padding-pos=\"all\" data-has-bg-color=\"false\" data-bg-color=\"\" data-bg-opacity=\"1\" data-animation=\"\" data-delay=\"0\" >\n\t\t<div class=\"vc_column-inner\" >\n\t\t<div class=\"wpb_wrapper\">\n\t\t\t\r\n<div class=\"wpb_text_column wpb_content_element\" >\r\n\t<div class=\"wpb_wrapper\">\r\n\t\t<p>Name des Projektes: Transporte und Stadtreinigung<br \/>\nOrt: Umweltwerkstatt Humboldtstra\u00dfe 50, 51379 Leverkusen-Opladen<\/p>\n\t<\/div>\r\n<\/div>\r\n\r\n\r\n\r\n\n\t\t<\/div> \n\t<\/div>\n\t<\/div> \n<\/div><\/div>\r\n<div class=\"wpb_text_column wpb_content_element\" >\r\n\t<div class=\"wpb_wrapper\">\r\n\t\t<p><strong>Welche T\u00e4tigkeit wird ausgef\u00fchrt? (Darstellung in Stichpunkten mit Aufz\u00e4hlung)<\/strong><\/p>\n<ul>\n<li>Umzugsarbeiten<\/li>\n<li>Transporte<\/li>\n<li>Entr\u00fcmpelung<\/li>\n<li>Stadtreinigung<\/li>\n<\/ul>\n<p>&nbsp;<\/p>\n<p><strong>Welche Kenntnisse und F\u00e4higkeiten werden vermittelt?<\/strong><\/p>\n<ul>\n<li>Umgang mit Laubblasger\u00e4ten<\/li>\n<li>Umgang mit Kleinwerkzeug<\/li>\n<li>Abfallkunde<\/li>\n<li>Umgang mit Handwerkzeugen<\/li>\n<li>Umgang mit einschl\u00e4gigen Maschinen<\/li>\n<li>Ladungssicherheit<\/li>\n<li>Sicheres und strukturiertes Arbeiten<\/li>\n<\/ul>\n<p>&nbsp;<\/p>\n<p><strong>Welche Voraussetzungen bestehen f\u00fcr eine Mitarbeit?<\/strong><\/p>\n<ul>\n<li>K\u00f6rperliche Belastbarkeit<\/li>\n<li>Arbeit im Freien<\/li>\n<li>Teamf\u00e4higkeit<\/li>\n<\/ul>\n<p>&nbsp;<\/p>\n<p><strong>Wann ist der Einstieg m\u00f6glich?<\/strong><\/p>\n<ul>\n<li>Jederzeit im Anschluss an ein erfolgreich absolviertes vierzehnt\u00e4tiges Praktikum<\/li>\n<\/ul>\n<p><strong>\u00a0<\/strong><\/p>\n<p><strong>Wie lange ist die Mitarbeit m\u00f6glich?<\/strong><\/p>\n<ul>\n<li>Ein bis f\u00fcnf 5 Jahre<\/li>\n<\/ul>\n<p><strong>\u00a0<\/strong><\/p>\n<p><strong>Verdienst<\/strong><\/p>\n<ul>\n<li>13 Euro die Stunde \/ ab 01.01.2024: 13,50 Euro die Stunde<\/li>\n<\/ul>\n<p>&nbsp;<\/p>\n<p><strong>Anmeldung<\/strong><\/p>\n<ul>\n<li>Kontakt: Martin Fikenscher, Tel. 0 21 71 &#8211; 94 74 35, E-Mail: <a href=\"mailto:martin.fikenscher@joblev.de\">fikenscher@joblev.de<\/a><\/li>\n<\/ul>\n\t<\/div>\r\n<\/div>\r\n\r\n\r\n\r\n\n\t\t\t<\/div> \n\t\t<\/div>\n\t<\/div> \n\n\t<div style=\"z-index: 100; \" class=\"vc_col-sm-3 wpb_column column_container vc_column_container col has-animation padding-1-percent inherit_tablet inherit_phone\"  data-t-w-inherits=\"small_desktop\" data-padding-pos=\"top\" data-has-bg-color=\"false\" data-bg-color=\"\" data-bg-opacity=\"1\" data-animation=\"fade-in-from-bottom\" data-delay=\"100\" >\n\t\t<div class=\"vc_column-inner\" >\n\t\t\t<div class=\"wpb_wrapper\">\n\t\t\t\t<div id=\"fws_69f5bdd16693d\" data-midnight=\"\" data-column-margin=\"none\" class=\"wpb_row vc_row-fluid vc_row inner_row\"  style=\"padding-bottom: 20px; \"><div class=\"row-bg-wrap\"> <div class=\"row-bg\" ><\/div> <\/div><div class=\"row_col_wrap_12_inner col span_12  left\">\n\t<div  class=\"vc_col-sm-12 wpb_column column_container vc_column_container col child_column no-extra-padding inherit_tablet inherit_phone\"   data-padding-pos=\"all\" data-has-bg-color=\"false\" data-bg-color=\"\" data-bg-opacity=\"1\" data-animation=\"\" data-delay=\"0\" >\n\t\t<div class=\"vc_column-inner\" >\n\t\t<div class=\"wpb_wrapper\">\n\t\t\t<div class=\"img-with-aniamtion-wrap\" data-max-width=\"100%\" data-max-width-mobile=\"default\" data-border-radius=\"20px\" data-shadow=\"small_depth\" data-animation=\"grow-in\" >\r\n      <div class=\"inner\">\r\n        <div class=\"hover-wrap\" data-hover-animation=\"zoom-crop\"> \r\n          <div class=\"hover-wrap-inner\">\r\n            <img loading=\"lazy\" decoding=\"async\" class=\"img-with-animation skip-lazy\" data-delay=\"0\" height=\"541\" width=\"749\" data-animation=\"grow-in\" src=\"https:\/\/www.joblev.de\/wp-content\/uploads\/2023\/10\/Bildschirm\u00adfoto-2023-10-09-um-12.43.02-e1699627748464.png\" alt=\"\" srcset=\"https:\/\/www.joblev.de\/wp-content\/uploads\/2023\/10\/Bildschirm\u00adfoto-2023-10-09-um-12.43.02-e1699627748464.png 749w, https:\/\/www.joblev.de\/wp-content\/uploads\/2023\/10\/Bildschirm\u00adfoto-2023-10-09-um-12.43.02-e1699627748464-300x217.png 300w, https:\/\/www.joblev.de\/wp-content\/uploads\/2023\/10\/Bildschirm\u00adfoto-2023-10-09-um-12.43.02-e1699627748464-18x12.png 18w\" sizes=\"auto, (max-width: 749px) 100vw, 749px\" \/>\r\n          <\/div>\r\n        <\/div>\r\n      <\/div>\r\n    <\/div><div class=\"nectar-fancy-ul\" data-list-icon=\"dot\" data-animation=\"false\" data-animation-delay=\"0\" data-spacing=\"default\" data-alignment=\"left\"> Gerd H\u00e4rtel<br \/>\nTelefon 0 21 71 &#8211; 94 71 16<br \/>\n<a href=\"mailto:gerd.haertel@joblev.de\">gerd.haertel@joblev.de<\/a> <\/div><div class=\"divider-wrap\" data-alignment=\"default\"><div style=\"height: 20px;\" class=\"divider\"><\/div><\/div><div class=\"img-with-aniamtion-wrap\" data-max-width=\"100%\" data-max-width-mobile=\"default\" data-border-radius=\"20px\" data-shadow=\"small_depth\" data-animation=\"grow-in\" >\r\n      <div class=\"inner\">\r\n        <div class=\"hover-wrap\" data-hover-animation=\"zoom-crop\"> \r\n          <div class=\"hover-wrap-inner\">\r\n            <img loading=\"lazy\" decoding=\"async\" class=\"img-with-animation skip-lazy\" data-delay=\"0\" height=\"541\" width=\"749\" data-animation=\"grow-in\" src=\"https:\/\/www.joblev.de\/wp-content\/uploads\/2023\/10\/Bildschirm\u00adfoto-2023-10-09-um-12.43.02-e1699627748464.png\" alt=\"\" srcset=\"https:\/\/www.joblev.de\/wp-content\/uploads\/2023\/10\/Bildschirm\u00adfoto-2023-10-09-um-12.43.02-e1699627748464.png 749w, https:\/\/www.joblev.de\/wp-content\/uploads\/2023\/10\/Bildschirm\u00adfoto-2023-10-09-um-12.43.02-e1699627748464-300x217.png 300w, https:\/\/www.joblev.de\/wp-content\/uploads\/2023\/10\/Bildschirm\u00adfoto-2023-10-09-um-12.43.02-e1699627748464-18x12.png 18w\" sizes=\"auto, (max-width: 749px) 100vw, 749px\" \/>\r\n          <\/div>\r\n        <\/div>\r\n      <\/div>\r\n    <\/div><div class=\"nectar-fancy-ul\" data-list-icon=\"dot\" data-animation=\"false\" data-animation-delay=\"0\" data-spacing=\"default\" data-alignment=\"left\"> Guido Buchm\u00fcller<br \/>\nTelefon <a href=\"tel:02171947118\">0 21 71 &#8211; 94 71 18<\/a><br \/>\nguido.buchmueller@joblev.de <\/div><div class=\"divider-wrap\" data-alignment=\"default\"><div style=\"height: 20px;\" class=\"divider\"><\/div><\/div>\n\t\t<\/div> \n\t<\/div>\n\t<\/div> \n<\/div><\/div>\n\t\t\t<\/div> \n\t\t<\/div>\n\t<\/div> \n<\/div><\/div>\r\n\t\t<div id=\"fws_69f5bdd1676a5\"  data-column-margin=\"default\" data-midnight=\"dark\"  class=\"wpb_row vc_row-fluid vc_row\"  style=\"padding-top: 0px; padding-bottom: 0px; \"><div class=\"row-bg-wrap\" data-bg-animation=\"none\" data-bg-animation-delay=\"\" data-bg-overlay=\"false\"><div class=\"inner-wrap row-bg-layer\" ><div class=\"row-bg viewport-desktop\"  style=\"\"><\/div><\/div><\/div><div class=\"row_col_wrap_12 col span_12 dark left\">\n\t<div  class=\"vc_col-sm-12 wpb_column column_container vc_column_container col no-extra-padding inherit_tablet inherit_phone\"  data-padding-pos=\"all\" data-has-bg-color=\"false\" data-bg-color=\"\" data-bg-opacity=\"1\" data-animation=\"\" data-delay=\"0\" >\n\t\t<div class=\"vc_column-inner\" >\n\t\t\t<div class=\"wpb_wrapper\">\n\t\t\t\t\n\t<div class=\"wpb_gallery wpb_content_element clearfix\">\n\t\t<div class=\"wpb_wrapper\"><div class=\"wpb_gallery_slidesflickity_static_height_style\" data-onclick=\"link_no\" data-interval=\"5\"><style>.wpb_gallery_slidesflickity_static_height_style .nectar-flickity.instace-69f5bdd167e62:not(.masonry) .flickity-slider .cell img {\r\n      height: 500px;\r\n    }\r\n    @media only screen and (max-width: 1300px) {\r\n      .wpb_gallery_slidesflickity_static_height_style .nectar-flickity.instace-69f5bdd167e62:not(.masonry) .flickity-slider .cell img {\r\n        height: 400px;\r\n      }\r\n    }\r\n    @media only screen and (max-width: 1000px) {\r\n      .wpb_gallery_slidesflickity_static_height_style .nectar-flickity.instace-69f5bdd167e62:not(.masonry) .flickity-slider .cell img {\r\n        height: 350px;\r\n      }\r\n    }\r\n    @media only screen and (max-width: 690px) {\r\n      .wpb_gallery_slidesflickity_static_height_style .nectar-flickity.instace-69f5bdd167e62:not(.masonry) .flickity-slider .cell img {\r\n        height: 300px;\r\n      }\r\n    }<\/style><div class=\"nectar-flickity not-initialized instace-69f5bdd167e62\"  data-touch-icon-color=\"default\" data-drag-scale=\"\" data-overflow=\"visible\" data-wrap=\"no-wrap\" data-spacing=\"10px\" data-shadow=\"none\" data-autoplay=\"\" data-autoplay-dur=\"\" data-free-scroll=\"\" data-controls=\"touch_total\"><div class=\"flickity-viewport\"> <div class=\"flickity-slider\"><div class=\"cell\" data-lazy=\"false\"><img decoding=\"async\" src=\"http:\/\/placehold.it\/800x500\" \/><\/div><div class=\"cell\" data-lazy=\"false\"><img decoding=\"async\" src=\"http:\/\/placehold.it\/500x500\" \/><\/div><div class=\"cell\" data-lazy=\"false\"><img decoding=\"async\" src=\"http:\/\/placehold.it\/800x500\" \/><\/div><div class=\"cell\" data-lazy=\"false\"><img decoding=\"async\" src=\"http:\/\/placehold.it\/500x500\" \/><\/div><div class=\"cell\" data-lazy=\"false\"><img decoding=\"async\" src=\"http:\/\/placehold.it\/500x500\" \/><\/div><div class=\"cell\" data-lazy=\"false\"><img decoding=\"async\" src=\"http:\/\/placehold.it\/800x500\" \/><\/div><\/div><\/div><\/div><\/div>\n\t\t<\/div> \n\t<\/div> \n\t\t\t<\/div> \n\t\t<\/div>\n\t<\/div> \n<\/div><\/div>","protected":false},"excerpt":{"rendered":"Transporte und Stadtreinigung Name des Projektes: Transporte und Stadtreinigung Ort: Umweltwerkstatt Humboldtstra\u00dfe 50, 51379 Leverkusen-Opladen Welche T\u00e4tigkeit wird ausgef\u00fchrt? (Darstellung in Stichpunkten mit Aufz\u00e4hlung) Umzugsarbeiten Transporte Entr\u00fcmpelung Stadtreinigung &nbsp; Welche...","protected":false},"author":1,"featured_media":0,"parent":307,"menu_order":0,"comment_status":"closed","ping_status":"closed","template":"","meta":{"footnotes":""},"class_list":["post-493","page","type-page","status-publish"],"aioseo_notices":[],"_links":{"self":[{"href":"https:\/\/www.joblev.de\/en\/wp-json\/wp\/v2\/pages\/493","targetHints":{"allow":["GET"]}}],"collection":[{"href":"https:\/\/www.joblev.de\/en\/wp-json\/wp\/v2\/pages"}],"about":[{"href":"https:\/\/www.joblev.de\/en\/wp-json\/wp\/v2\/types\/page"}],"author":[{"embeddable":true,"href":"https:\/\/www.joblev.de\/en\/wp-json\/wp\/v2\/users\/1"}],"replies":[{"embeddable":true,"href":"https:\/\/www.joblev.de\/en\/wp-json\/wp\/v2\/comments?post=493"}],"version-history":[{"count":1,"href":"https:\/\/www.joblev.de\/en\/wp-json\/wp\/v2\/pages\/493\/revisions"}],"predecessor-version":[{"id":2204,"href":"https:\/\/www.joblev.de\/en\/wp-json\/wp\/v2\/pages\/493\/revisions\/2204"}],"up":[{"embeddable":true,"href":"https:\/\/www.joblev.de\/en\/wp-json\/wp\/v2\/pages\/307"}],"wp:attachment":[{"href":"https:\/\/www.joblev.de\/en\/wp-json\/wp\/v2\/media?parent=493"}],"curies":[{"name":"wp","href":"https:\/\/api.w.org\/{rel}","templated":true}]}}