{"id":782,"date":"2023-12-05T17:17:35","date_gmt":"2023-12-05T16:17:35","guid":{"rendered":"https:\/\/www.joblev.de\/?page_id=782"},"modified":"2025-02-06T10:42:29","modified_gmt":"2025-02-06T09:42:29","slug":"gemeinsam-gegen-muell","status":"publish","type":"page","link":"https:\/\/www.joblev.de\/en\/gemeinsam-gegen-muell\/","title":{"rendered":"Gemeinsam gegen M\u00fcll"},"content":{"rendered":"<div id=\"fws_69f724fc15bc1\"  data-column-margin=\"90px\" data-midnight=\"dark\" data-top-percent=\"2%\" data-bottom-percent=\"8%\"  class=\"wpb_row vc_row-fluid vc_row full-width-section\"  style=\"padding-top: calc(100vw * 0.02); padding-bottom: calc(100vw * 0.08); \"><div class=\"row-bg-wrap\" data-bg-animation=\"none\" data-bg-animation-delay=\"\" data-bg-overlay=\"false\"><div class=\"inner-wrap row-bg-layer\" ><div class=\"row-bg viewport-desktop using-bg-color\"  style=\"background-color: #e8f0ff; \"><\/div><\/div><\/div><div class=\"row_col_wrap_12 col span_12 dark left\">\n\t<div  class=\"vc_col-sm-9 wpb_column column_container vc_column_container col has-animation padding-1-percent inherit_tablet inherit_phone\"  data-t-w-inherits=\"small_desktop\" data-padding-pos=\"top\" data-has-bg-color=\"false\" data-bg-color=\"\" data-bg-opacity=\"1\" data-animation=\"fade-in-from-bottom\" data-delay=\"0\" >\n\t\t<div class=\"vc_column-inner\" >\n\t\t\t<div class=\"wpb_wrapper\">\n\t\t\t\t\r\n<div class=\"wpb_text_column wpb_content_element\" >\r\n\t<div class=\"wpb_wrapper\">\r\n\t\t<h2><strong>Besch\u00e4ftigungs- und Qualifizierungsprojekt<br \/>\n&#8218;<\/strong><strong>Gemeinsam gegen M\u00fcll und f\u00fcr eine bessere Umwelt in Leverkusen&#8216;<\/strong><\/h2>\n\t<\/div>\r\n<\/div>\r\n\r\n\r\n\r\n<div id=\"fws_69f724fc162f5\" data-midnight=\"\" data-column-margin=\"60px\" class=\"wpb_row vc_row-fluid vc_row inner_row\"  style=\"padding-top: 15px; \"><div class=\"row-bg-wrap\"> <div class=\"row-bg\" ><\/div> <\/div><div class=\"row_col_wrap_12_inner col span_12  left\">\n\t<div  class=\"vc_col-sm-12 wpb_column column_container vc_column_container col child_column no-extra-padding inherit_tablet inherit_phone\"   data-padding-pos=\"all\" data-has-bg-color=\"false\" data-bg-color=\"\" data-bg-opacity=\"1\" data-animation=\"\" data-delay=\"0\" >\n\t\t<div class=\"vc_column-inner\" >\n\t\t<div class=\"wpb_wrapper\">\n\t\t\t\r\n<div class=\"wpb_text_column wpb_content_element\" >\r\n\t<div class=\"wpb_wrapper\">\r\n\t\t<p>Ort: Umweltwerkstadt Humboldstra\u00dfe 50, 51379 Leverkusen<\/p>\n\t<\/div>\r\n<\/div>\r\n\r\n\r\n\r\n\n\t\t<\/div> \n\t<\/div>\n\t<\/div> \n<\/div><\/div><div id=\"fws_69f724fc16826\" data-midnight=\"\" data-column-margin=\"60px\" class=\"wpb_row vc_row-fluid vc_row inner_row  vc_custom_1706495231692\"  style=\"padding-top: 15px; \"><div class=\"row-bg-wrap\"> <div class=\"row-bg\" ><\/div> <\/div><div class=\"row_col_wrap_12_inner col span_12  left\">\n\t<div  class=\"vc_col-sm-6 wpb_column column_container vc_column_container col child_column padding-5-percent inherit_tablet inherit_phone\"   data-padding-pos=\"left\" data-has-bg-color=\"false\" data-bg-color=\"\" data-bg-opacity=\"1\" data-animation=\"\" data-delay=\"0\" >\n\t\t<div class=\"vc_column-inner\" >\n\t\t<div class=\"wpb_wrapper\">\n\t\t\t\r\n<div class=\"wpb_text_column wpb_content_element  vc_custom_1738834946067\" >\r\n\t<div class=\"wpb_wrapper\">\r\n\t\t<p><strong>Welche T\u00e4tigkeit wird ausgef\u00fchrt?\u00a0<\/strong><\/p>\n<ul>\n<li>Entfernung von wildem M\u00fcll in Parkanlagen, auf Parkpl\u00e4tze und festgelegten \u00f6ffentlichen Routen<\/li>\n<li>Bearbeitung von B\u00fcrgerbeschwerden im M\u00e4ngelmelder der Stadt Leverkusen<\/li>\n<li>Bearbeitung von Auftr\u00e4gen des Kommunalen Ordnungsdienstes<\/li>\n<li>Umweltbewusstsein<\/li>\n<li>Umgang mit Laubblasger\u00e4ten<\/li>\n<li>Umgang mit Kleinwerkzeug<\/li>\n<li>Abfallkunde<\/li>\n<li>Umgang mit Handwerkzeugen<\/li>\n<li>Umgang mit einschl\u00e4gigen Maschinen<\/li>\n<li>Sicheres und strukturiertes Arbeiten<\/li>\n<\/ul>\n<p>&nbsp;<\/p>\n<p><strong>Welche Voraussetzungen bestehen f\u00fcr eine Mitarbeit?<\/strong><\/p>\n<ul>\n<li>Spa\u00df am Umweltgedanken<\/li>\n<li>Teamf\u00e4higkeit<\/li>\n<li>Arbeit im Freien<\/li>\n<li>K\u00f6rperliche Belastbarkeit<\/li>\n<\/ul>\n\t<\/div>\r\n<\/div>\r\n\r\n\r\n\r\n\n\t\t<\/div> \n\t<\/div>\n\t<\/div> \n\n\t<div  class=\"vc_col-sm-6 wpb_column column_container vc_column_container col child_column no-extra-padding inherit_tablet padding-5-percent_phone\"   data-padding-pos=\"left\" data-has-bg-color=\"false\" data-bg-color=\"\" data-bg-opacity=\"1\" data-animation=\"\" data-delay=\"0\" >\n\t\t<div class=\"vc_column-inner\" >\n\t\t<div class=\"wpb_wrapper\">\n\t\t\t\r\n<div class=\"wpb_text_column wpb_content_element\" >\r\n\t<div class=\"wpb_wrapper\">\r\n\t\t<p><strong>Wann ist der Einstieg m\u00f6glich?<\/strong><\/p>\n<ul>\n<li>Jederzeit nach einem erfolgreichen vierzehnt\u00e4gigen Praktikum<\/li>\n<\/ul>\n<p>&nbsp;<\/p>\n<p><strong>Wie lange ist die Mitarbeit m\u00f6glich?<\/strong><\/p>\n<ul>\n<li>Ein Jahr<\/li>\n<li>Ziel ist die Vorbereitung zur Vermittlung auf den ersten Arbeitsmarkt<\/li>\n<\/ul>\n<p>&nbsp;<\/p>\n<p><strong>Anmeldung<br \/>\n<\/strong><\/p>\n<ul>\n<li>Kontakt: Martin Fikenscher<br \/>\nTel. <a href=\"tel:02171947435\">02171 \u2013 947435<\/a><br \/>\nEmail: <a href=\"mailto:martin.fikenscher@joblev.de\">martin.fikenscher@joblev.de<\/a><\/li>\n<\/ul>\n\t<\/div>\r\n<\/div>\r\n\r\n\r\n\r\n\n\t\t<\/div> \n\t<\/div>\n\t<\/div> \n<\/div><\/div>\n\t\t\t<\/div> \n\t\t<\/div>\n\t<\/div> \n\n\t<div style=\"z-index: 100; \" class=\"vc_col-sm-3 wpb_column column_container vc_column_container col has-animation padding-1-percent inherit_tablet inherit_phone\"  data-t-w-inherits=\"small_desktop\" data-padding-pos=\"top\" data-has-bg-color=\"false\" data-bg-color=\"\" data-bg-opacity=\"1\" data-animation=\"fade-in-from-bottom\" data-delay=\"100\" >\n\t\t<div class=\"vc_column-inner\" >\n\t\t\t<div class=\"wpb_wrapper\">\n\t\t\t\t<div id=\"fws_69f724fc17254\" data-midnight=\"\" data-column-margin=\"none\" class=\"wpb_row vc_row-fluid vc_row inner_row\"  style=\"padding-bottom: 20px; \"><div class=\"row-bg-wrap\"> <div class=\"row-bg\" ><\/div> <\/div><div class=\"row_col_wrap_12_inner col span_12  left\">\n\t<div  class=\"vc_col-sm-12 wpb_column column_container vc_column_container col child_column no-extra-padding inherit_tablet inherit_phone\"   data-padding-pos=\"all\" data-has-bg-color=\"false\" data-bg-color=\"\" data-bg-opacity=\"1\" data-animation=\"\" data-delay=\"0\" >\n\t\t<div class=\"vc_column-inner\" >\n\t\t<div class=\"wpb_wrapper\">\n\t\t\t<div class=\"img-with-aniamtion-wrap\" data-max-width=\"100%\" data-max-width-mobile=\"default\" data-border-radius=\"20px\" data-shadow=\"small_depth\" data-animation=\"grow-in\" >\r\n      <div class=\"inner\">\r\n        <div class=\"hover-wrap\" data-hover-animation=\"zoom-crop\"> \r\n          <div class=\"hover-wrap-inner\">\r\n            <img loading=\"lazy\" decoding=\"async\" class=\"img-with-animation skip-lazy\" data-delay=\"0\" height=\"541\" width=\"749\" data-animation=\"grow-in\" src=\"https:\/\/www.joblev.de\/wp-content\/uploads\/2023\/10\/Bildschirm\u00adfoto-2023-10-09-um-12.43.02-e1699627748464.png\" alt=\"\" srcset=\"https:\/\/www.joblev.de\/wp-content\/uploads\/2023\/10\/Bildschirm\u00adfoto-2023-10-09-um-12.43.02-e1699627748464.png 749w, https:\/\/www.joblev.de\/wp-content\/uploads\/2023\/10\/Bildschirm\u00adfoto-2023-10-09-um-12.43.02-e1699627748464-300x217.png 300w, https:\/\/www.joblev.de\/wp-content\/uploads\/2023\/10\/Bildschirm\u00adfoto-2023-10-09-um-12.43.02-e1699627748464-18x12.png 18w\" sizes=\"auto, (max-width: 749px) 100vw, 749px\" \/>\r\n          <\/div>\r\n        <\/div>\r\n      <\/div>\r\n    <\/div><div class=\"nectar-fancy-ul\" data-list-icon=\"dot\" data-animation=\"false\" data-animation-delay=\"0\" data-spacing=\"default\" data-alignment=\"left\"> Angelika Orttmann<br \/>\nTelefon <a href=\"tel:015780588310\">0157 80588310<\/a><br \/>\n<a href=\"mailto:angelika.orttmann@joblev.de\">angelika.orttmann@joblev.de<\/a> <\/div><div class=\"divider-wrap\" data-alignment=\"default\"><div style=\"height: 20px;\" class=\"divider\"><\/div><\/div><div class=\"img-with-aniamtion-wrap\" data-max-width=\"100%\" data-max-width-mobile=\"default\" data-border-radius=\"20px\" data-shadow=\"small_depth\" data-animation=\"grow-in\" >\r\n      <div class=\"inner\">\r\n        <div class=\"hover-wrap\" data-hover-animation=\"zoom-crop\"> \r\n          <div class=\"hover-wrap-inner\">\r\n            <img loading=\"lazy\" decoding=\"async\" class=\"img-with-animation skip-lazy\" data-delay=\"0\" height=\"541\" width=\"749\" data-animation=\"grow-in\" src=\"https:\/\/www.joblev.de\/wp-content\/uploads\/2023\/10\/Bildschirm\u00adfoto-2023-10-09-um-12.43.02-e1699627748464.png\" alt=\"\" srcset=\"https:\/\/www.joblev.de\/wp-content\/uploads\/2023\/10\/Bildschirm\u00adfoto-2023-10-09-um-12.43.02-e1699627748464.png 749w, https:\/\/www.joblev.de\/wp-content\/uploads\/2023\/10\/Bildschirm\u00adfoto-2023-10-09-um-12.43.02-e1699627748464-300x217.png 300w, https:\/\/www.joblev.de\/wp-content\/uploads\/2023\/10\/Bildschirm\u00adfoto-2023-10-09-um-12.43.02-e1699627748464-18x12.png 18w\" sizes=\"auto, (max-width: 749px) 100vw, 749px\" \/>\r\n          <\/div>\r\n        <\/div>\r\n      <\/div>\r\n    <\/div><div class=\"nectar-fancy-ul\" data-list-icon=\"dot\" data-animation=\"false\" data-animation-delay=\"0\" data-spacing=\"default\" data-alignment=\"left\"> Gerd H\u00e4rtel<br \/>\nTelefon <a href=\"tel:02171947116\">02171 \u2013 947116<\/a><br \/>\n<a href=\"mailto:gerd.haertel@joblev.de\">gerd.haertel@joblev.de<\/a> <\/div><div class=\"divider-wrap\" data-alignment=\"default\"><div style=\"height: 20px;\" class=\"divider\"><\/div><\/div>\n\t\t<\/div> \n\t<\/div>\n\t<\/div> \n<\/div><\/div>\n\t\t\t<\/div> \n\t\t<\/div>\n\t<\/div> \n<\/div><\/div>\r\n\t\t<div id=\"fws_69f724fc17efb\"  data-column-margin=\"default\" data-midnight=\"dark\"  class=\"wpb_row vc_row-fluid vc_row full-width-section\"  style=\"padding-top: 0px; padding-bottom: 0px; \"><div class=\"row-bg-wrap\" data-bg-animation=\"none\" data-bg-animation-delay=\"\" data-bg-overlay=\"false\"><div class=\"inner-wrap row-bg-layer\" ><div class=\"row-bg viewport-desktop using-bg-color\"  style=\"background-color: #e8f0ff; \"><\/div><\/div><\/div><div class=\"row_col_wrap_12 col span_12 dark left\">\n\t<div  class=\"vc_col-sm-12 wpb_column column_container vc_column_container col no-extra-padding inherit_tablet inherit_phone\"  data-padding-pos=\"all\" data-has-bg-color=\"false\" data-bg-color=\"\" data-bg-opacity=\"1\" data-animation=\"\" data-delay=\"0\" >\n\t\t<div class=\"vc_column-inner\" >\n\t\t\t<div class=\"wpb_wrapper\">\n\t\t\t\t\n\t<div class=\"wpb_gallery wpb_content_element clearfix\">\n\t\t<div class=\"wpb_wrapper\"><div class=\"wpb_gallery_slidesflickity_static_height_style\" data-onclick=\"link_image\" data-interval=\"5\"><style>.wpb_gallery_slidesflickity_static_height_style .nectar-flickity.instace-69f724fc18671:not(.masonry) .flickity-slider .cell img {\r\n      height: 500px;\r\n    }\r\n    @media only screen and (max-width: 1300px) {\r\n      .wpb_gallery_slidesflickity_static_height_style .nectar-flickity.instace-69f724fc18671:not(.masonry) .flickity-slider .cell img {\r\n        height: 400px;\r\n      }\r\n    }\r\n    @media only screen and (max-width: 1000px) {\r\n      .wpb_gallery_slidesflickity_static_height_style .nectar-flickity.instace-69f724fc18671:not(.masonry) .flickity-slider .cell img {\r\n        height: 350px;\r\n      }\r\n    }\r\n    @media only screen and (max-width: 690px) {\r\n      .wpb_gallery_slidesflickity_static_height_style .nectar-flickity.instace-69f724fc18671:not(.masonry) .flickity-slider .cell img {\r\n        height: 300px;\r\n      }\r\n    }<\/style><div class=\"nectar-flickity not-initialized instace-69f724fc18671\"  data-touch-icon-color=\"default\" data-drag-scale=\"\" data-overflow=\"visible\" data-wrap=\"no-wrap\" data-spacing=\"10px\" data-shadow=\"none\" data-autoplay=\"\" data-autoplay-dur=\"\" data-free-scroll=\"\" data-controls=\"touch_total\"><div class=\"flickity-viewport\"> <div class=\"flickity-slider\"><div class=\"cell\" data-lazy=\"true\"><img loading=\"lazy\" decoding=\"async\" width=\"1024\" height=\"683\"  src=\"data:image\/svg+xml;charset=utf-8,%3Csvg%20xmlns%3D'http%3A%2F%2Fwww.w3.org%2F2000%2Fsvg'%20viewBox%3D'0%200%201024%20683'%2F%3E\" data-nectar-img-src=\"https:\/\/www.joblev.de\/wp-content\/uploads\/2023\/12\/06-1-1024x683.jpg\" class=\"skip-lazy nectar-lazy attachment-large\" alt=\"\" title=\"06\"  data-nectar-img-srcset=\"https:\/\/www.joblev.de\/wp-content\/uploads\/2023\/12\/06-1-1024x683.jpg 1024w, https:\/\/www.joblev.de\/wp-content\/uploads\/2023\/12\/06-1-300x200.jpg 300w, https:\/\/www.joblev.de\/wp-content\/uploads\/2023\/12\/06-1-768x512.jpg 768w, https:\/\/www.joblev.de\/wp-content\/uploads\/2023\/12\/06-1-18x12.jpg 18w, https:\/\/www.joblev.de\/wp-content\/uploads\/2023\/12\/06-1-900x600.jpg 900w, https:\/\/www.joblev.de\/wp-content\/uploads\/2023\/12\/06-1.jpg 1200w\"><a class=\"entire-slide-link\"  href=\"https:\/\/www.joblev.de\/wp-content\/uploads\/2023\/12\/06-1.jpg\"><\/a><\/div><div class=\"cell\" data-lazy=\"true\"><img loading=\"lazy\" decoding=\"async\" width=\"640\" height=\"480\"  src=\"data:image\/svg+xml;charset=utf-8,%3Csvg%20xmlns%3D'http%3A%2F%2Fwww.w3.org%2F2000%2Fsvg'%20viewBox%3D'0%200%20640%20480'%2F%3E\" data-nectar-img-src=\"https:\/\/www.joblev.de\/wp-content\/uploads\/2023\/12\/Auto.jpg\" class=\"skip-lazy nectar-lazy attachment-large\" alt=\"\" title=\"Auto\"  data-nectar-img-srcset=\"https:\/\/www.joblev.de\/wp-content\/uploads\/2023\/12\/Auto.jpg 640w, https:\/\/www.joblev.de\/wp-content\/uploads\/2023\/12\/Auto-300x225.jpg 300w, https:\/\/www.joblev.de\/wp-content\/uploads\/2023\/12\/Auto-16x12.jpg 16w\"><a class=\"entire-slide-link\"  href=\"https:\/\/www.joblev.de\/wp-content\/uploads\/2023\/12\/Auto.jpg\"><\/a><\/div><div class=\"cell\" data-lazy=\"true\"><img loading=\"lazy\" decoding=\"async\" width=\"557\" height=\"1024\"  src=\"data:image\/svg+xml;charset=utf-8,%3Csvg%20xmlns%3D'http%3A%2F%2Fwww.w3.org%2F2000%2Fsvg'%20viewBox%3D'0%200%20557%201024'%2F%3E\" data-nectar-img-src=\"https:\/\/www.joblev.de\/wp-content\/uploads\/2023\/12\/Bild1-557x1024.jpg\" class=\"skip-lazy nectar-lazy attachment-large\" alt=\"\" title=\"Bild1\"  data-nectar-img-srcset=\"https:\/\/www.joblev.de\/wp-content\/uploads\/2023\/12\/Bild1-557x1024.jpg 557w, https:\/\/www.joblev.de\/wp-content\/uploads\/2023\/12\/Bild1-163x300.jpg 163w, https:\/\/www.joblev.de\/wp-content\/uploads\/2023\/12\/Bild1-7x12.jpg 7w, https:\/\/www.joblev.de\/wp-content\/uploads\/2023\/12\/Bild1.jpg 653w\"><a class=\"entire-slide-link\"  href=\"https:\/\/www.joblev.de\/wp-content\/uploads\/2023\/12\/Bild1.jpg\"><\/a><\/div><div class=\"cell\" data-lazy=\"true\"><img loading=\"lazy\" decoding=\"async\" width=\"1024\" height=\"835\"  src=\"data:image\/svg+xml;charset=utf-8,%3Csvg%20xmlns%3D'http%3A%2F%2Fwww.w3.org%2F2000%2Fsvg'%20viewBox%3D'0%200%201024%20835'%2F%3E\" data-nectar-img-src=\"https:\/\/www.joblev.de\/wp-content\/uploads\/2023\/12\/Bild8-1024x835.jpg\" class=\"skip-lazy nectar-lazy attachment-large\" alt=\"\" title=\"Bild8\"  data-nectar-img-srcset=\"https:\/\/www.joblev.de\/wp-content\/uploads\/2023\/12\/Bild8-1024x835.jpg 1024w, https:\/\/www.joblev.de\/wp-content\/uploads\/2023\/12\/Bild8-300x245.jpg 300w, https:\/\/www.joblev.de\/wp-content\/uploads\/2023\/12\/Bild8-768x627.jpg 768w, https:\/\/www.joblev.de\/wp-content\/uploads\/2023\/12\/Bild8-15x12.jpg 15w, https:\/\/www.joblev.de\/wp-content\/uploads\/2023\/12\/Bild8.jpg 1200w\"><a class=\"entire-slide-link\"  href=\"https:\/\/www.joblev.de\/wp-content\/uploads\/2023\/12\/Bild8.jpg\"><\/a><\/div><div class=\"cell\" data-lazy=\"true\"><img loading=\"lazy\" decoding=\"async\" width=\"1024\" height=\"768\"  src=\"data:image\/svg+xml;charset=utf-8,%3Csvg%20xmlns%3D'http%3A%2F%2Fwww.w3.org%2F2000%2Fsvg'%20viewBox%3D'0%200%201024%20768'%2F%3E\" data-nectar-img-src=\"https:\/\/www.joblev.de\/wp-content\/uploads\/2023\/12\/Kueppersteg-1024x768.jpg\" class=\"skip-lazy nectar-lazy attachment-large\" alt=\"\" title=\"Kueppersteg\"  data-nectar-img-srcset=\"https:\/\/www.joblev.de\/wp-content\/uploads\/2023\/12\/Kueppersteg-1024x768.jpg 1024w, https:\/\/www.joblev.de\/wp-content\/uploads\/2023\/12\/Kueppersteg-300x225.jpg 300w, https:\/\/www.joblev.de\/wp-content\/uploads\/2023\/12\/Kueppersteg-768x576.jpg 768w, https:\/\/www.joblev.de\/wp-content\/uploads\/2023\/12\/Kueppersteg-16x12.jpg 16w, https:\/\/www.joblev.de\/wp-content\/uploads\/2023\/12\/Kueppersteg.jpg 1200w\"><a class=\"entire-slide-link\"  href=\"https:\/\/www.joblev.de\/wp-content\/uploads\/2023\/12\/Kueppersteg.jpg\"><\/a><\/div><div class=\"cell\" data-lazy=\"true\"><img loading=\"lazy\" decoding=\"async\" width=\"480\" height=\"640\"  src=\"data:image\/svg+xml;charset=utf-8,%3Csvg%20xmlns%3D'http%3A%2F%2Fwww.w3.org%2F2000%2Fsvg'%20viewBox%3D'0%200%20480%20640'%2F%3E\" data-nectar-img-src=\"https:\/\/www.joblev.de\/wp-content\/uploads\/2023\/12\/Stauffenberg.jpg\" class=\"skip-lazy nectar-lazy attachment-large\" alt=\"\" title=\"Stauffenberg\"  data-nectar-img-srcset=\"https:\/\/www.joblev.de\/wp-content\/uploads\/2023\/12\/Stauffenberg.jpg 480w, https:\/\/www.joblev.de\/wp-content\/uploads\/2023\/12\/Stauffenberg-225x300.jpg 225w, https:\/\/www.joblev.de\/wp-content\/uploads\/2023\/12\/Stauffenberg-9x12.jpg 9w\"><a class=\"entire-slide-link\"  href=\"https:\/\/www.joblev.de\/wp-content\/uploads\/2023\/12\/Stauffenberg.jpg\"><\/a><\/div><div class=\"cell\" data-lazy=\"true\"><img loading=\"lazy\" decoding=\"async\" width=\"640\" height=\"480\"  src=\"data:image\/svg+xml;charset=utf-8,%3Csvg%20xmlns%3D'http%3A%2F%2Fwww.w3.org%2F2000%2Fsvg'%20viewBox%3D'0%200%20640%20480'%2F%3E\" data-nectar-img-src=\"https:\/\/www.joblev.de\/wp-content\/uploads\/2023\/12\/Unfall.jpg\" class=\"skip-lazy nectar-lazy attachment-large\" alt=\"\" title=\"Unfall\"  data-nectar-img-srcset=\"https:\/\/www.joblev.de\/wp-content\/uploads\/2023\/12\/Unfall.jpg 640w, https:\/\/www.joblev.de\/wp-content\/uploads\/2023\/12\/Unfall-300x225.jpg 300w, https:\/\/www.joblev.de\/wp-content\/uploads\/2023\/12\/Unfall-16x12.jpg 16w\"><a class=\"entire-slide-link\"  href=\"https:\/\/www.joblev.de\/wp-content\/uploads\/2023\/12\/Unfall.jpg\"><\/a><\/div><\/div><\/div><\/div><\/div>\n\t\t<\/div> \n\t<\/div> \n\t\t\t<\/div> \n\t\t<\/div>\n\t<\/div> \n<\/div><\/div>","protected":false},"excerpt":{"rendered":"Besch\u00e4ftigungs- und Qualifizierungsprojekt 'Gemeinsam gegen M\u00fcll und f\u00fcr eine bessere Umwelt in Leverkusen' Ort: Umweltwerkstadt Humboldstra\u00dfe 50, 51379 Leverkusen Welche T\u00e4tigkeit wird ausgef\u00fchrt?\u00a0 Entfernung von wildem M\u00fcll in Parkanlagen, auf...","protected":false},"author":1,"featured_media":0,"parent":0,"menu_order":0,"comment_status":"closed","ping_status":"closed","template":"","meta":{"footnotes":""},"class_list":["post-782","page","type-page","status-publish"],"aioseo_notices":[],"_links":{"self":[{"href":"https:\/\/www.joblev.de\/en\/wp-json\/wp\/v2\/pages\/782","targetHints":{"allow":["GET"]}}],"collection":[{"href":"https:\/\/www.joblev.de\/en\/wp-json\/wp\/v2\/pages"}],"about":[{"href":"https:\/\/www.joblev.de\/en\/wp-json\/wp\/v2\/types\/page"}],"author":[{"embeddable":true,"href":"https:\/\/www.joblev.de\/en\/wp-json\/wp\/v2\/users\/1"}],"replies":[{"embeddable":true,"href":"https:\/\/www.joblev.de\/en\/wp-json\/wp\/v2\/comments?post=782"}],"version-history":[{"count":7,"href":"https:\/\/www.joblev.de\/en\/wp-json\/wp\/v2\/pages\/782\/revisions"}],"predecessor-version":[{"id":2201,"href":"https:\/\/www.joblev.de\/en\/wp-json\/wp\/v2\/pages\/782\/revisions\/2201"}],"wp:attachment":[{"href":"https:\/\/www.joblev.de\/en\/wp-json\/wp\/v2\/media?parent=782"}],"curies":[{"name":"wp","href":"https:\/\/api.w.org\/{rel}","templated":true}]}}